{"id":1837,"date":"2026-02-09T09:00:51","date_gmt":"2026-02-09T08:00:51","guid":{"rendered":"https:\/\/holidayhomesmaridu.com\/?post_type=landingpage&#038;p=1837"},"modified":"2026-03-06T22:33:18","modified_gmt":"2026-03-06T21:33:18","slug":"rekreacni-dum-se-saunou-veluwe","status":"publish","type":"landingpage","link":"https:\/\/holidayhomesmaridu.com\/cs\/lp\/holiday-home-with-sauna-veluwe\/","title":{"rendered":"Rekrea\u010dn\u00ed d\u016fm se saunou ve Veluwe pro relaxa\u010dn\u00ed pobyt v p\u0159\u00edrod\u011b"},"content":{"rendered":"<p>Hled\u00e1te rekrea\u010dn\u00ed d\u016fm se saunou ve Veluwe, kde m\u016f\u017eete zpomalit a pln\u011b si odpo\u010dinout? Maridu nab\u00edz\u00ed pobyty, kter\u00e9 kombinuj\u00ed pohodl\u00ed, soukrom\u00ed a klid p\u0159\u00edrody, a vytv\u00e1\u0159ej\u00ed tak to prav\u00e9 prost\u0159ed\u00ed pro klidn\u011bj\u0161\u00ed odpo\u010dinek. A\u0165 u\u017e pl\u00e1nujete romantick\u00fd v\u00edkend, pobyt zam\u011b\u0159en\u00fd na wellness nebo n\u011bkolik klidn\u00fdch dn\u00ed, Veluwe je silnou destinac\u00ed pro hosty, kte\u0159\u00ed cht\u011bj\u00ed prostor a relaxaci.<\/p>\n\n\n\n<p>Pobyt v oblasti Veluwe ji\u017e nab\u00edz\u00ed lesy, otev\u0159enou krajinu a pomalej\u0161\u00ed tempo. Kdy\u017e k tomu p\u0159id\u00e1te saunu, bude to je\u0161t\u011b p\u0159\u00edjemn\u011bj\u0161\u00ed. Pokud hled\u00e1te rekrea\u010dn\u00ed d\u016fm se saunou ve Veluwe, relaxa\u010dn\u00ed chatu v p\u0159\u00edrod\u011b nebo pohodln\u00fd rekrea\u010dn\u00ed d\u016fm pro wellness pobyt, tento region v\u00e1m poskytne spr\u00e1vnou rovnov\u00e1hu pohodl\u00ed a klidu.<\/p>\n\n\n\n<h2 class=\"wp-block-heading\"><strong>Pro\u010d si vybrat rekrea\u010dn\u00ed d\u016fm se saunou ve Veluwe?<\/strong><\/h2>\n\n\n\n<p>Pro mnoho host\u016f je sauna d\u016fle\u017eit\u00fdm zpest\u0159en\u00edm kr\u00e1tk\u00e9 dovolen\u00e9. Pom\u00e1h\u00e1 prom\u011bnit b\u011b\u017en\u00fd pobyt ve v\u00edce regenera\u010dn\u00ed. Nam\u00edsto toho, abyste si rezervovali pouze m\u00edsto na span\u00ed, vyberete si prost\u0159ed\u00ed, kter\u00e9 v\u00e1s vyb\u00edz\u00ed ke zpomalen\u00ed, na\u010derp\u00e1n\u00ed nov\u00fdch sil a pln\u011bj\u0161\u00edmu vychutn\u00e1n\u00ed \u010dasu str\u00e1ven\u00e9ho mimo domov.<\/p>\n\n\n\n<p>Veluwe je pro tento druh pobytu obzvl\u00e1\u0161t\u011b vhodn\u00e9. Klidn\u00e9 prost\u0159ed\u00ed, p\u0159\u00edrodn\u00ed scen\u00e9rie a uvoln\u011bn\u00e1 atmosf\u00e9ra podporuj\u00ed pocit, \u017ee jste se vzd\u00e1lili od rutiny.<\/p>\n\n\n\n<p>Pobyt zde je obzvl\u00e1\u0161t\u011b vhodn\u00fd, pokud chcete:<\/p>\n\n\n\n<ul class=\"wp-block-list\">\n<li>v\u011bt\u0161\u00ed pohodl\u00ed b\u011bhem p\u0159est\u00e1vky<\/li>\n\n\n\n<li>wellness pobyt v p\u0159\u00edrod\u011b<\/li>\n\n\n\n<li>romantick\u00e9 prost\u0159ed\u00ed pro dva<\/li>\n\n\n\n<li>klidn\u00e1 r\u00e1na a pohodov\u00e9 ve\u010dery<\/li>\n\n\n\n<li>v\u00edkendov\u00fd pobyt, kter\u00fd p\u0159in\u00e1\u0161\u00ed regeneraci.<\/li>\n<\/ul>\n\n\n\n<p>Pro hosty, kte\u0159\u00ed cht\u011bj\u00ed klid, soukrom\u00ed a trochu v\u00edce pohodl\u00ed, je atraktivn\u00ed volbou rekrea\u010dn\u00ed d\u016fm se saunou ve Veluwe.<\/p>\n\n\n\n<h2 class=\"wp-block-heading\"><strong>Relaxa\u010dn\u00ed pobyt v p\u0159\u00edrodn\u00edm prost\u0159ed\u00ed<\/strong><\/h2>\n\n\n\n<p>Tento druh pobytu je atraktivn\u00ed p\u0159edev\u0161\u00edm d\u00edky kombinaci wellness a krajiny. Veluwe nab\u00edz\u00ed prostor a klid, kter\u00e9 mnoz\u00ed host\u00e9 hledaj\u00ed, zat\u00edmco sauna dod\u00e1v\u00e1 teplo, pohodl\u00ed a siln\u011bj\u0161\u00ed pocit relaxace.<\/p>\n\n\n\n<p>Tato kombinace funguje dob\u0159e v ka\u017ed\u00e9m ro\u010dn\u00edm obdob\u00ed. V chladn\u011bj\u0161\u00edch dnech je pobyt v saun\u011b je\u0161t\u011b p\u0159\u00edjemn\u011bj\u0161\u00ed. V m\u00edrn\u011bj\u0161\u00edch ro\u010dn\u00edch obdob\u00edch dod\u00e1 dal\u0161\u00ed vrstvu pohodl\u00ed po pobytu venku. V ka\u017ed\u00e9m p\u0159\u00edpad\u011b pom\u00e1h\u00e1 utv\u00e1\u0159et tempo v\u00fdletu.<\/p>\n\n\n\n<p>Pro hosty, kte\u0159\u00ed cht\u011bj\u00ed str\u00e1vit dovolenou v klidu od za\u010d\u00e1tku a\u017e do konce, je tento hotel velmi vhodn\u00fd.<\/p>\n\n\n\n<h2 class=\"wp-block-heading\"><strong>Pro koho je tento pobyt ur\u010den<\/strong><\/h2>\n\n\n\n<h3 class=\"wp-block-heading\"><strong>P\u00e1ry hledaj\u00edc\u00ed romantickou dovolenou<\/strong><\/h3>\n\n\n\n<p>Rekrea\u010dn\u00ed d\u016fm se saunou ve Veluwe je atraktivn\u00ed zejm\u00e9na pro p\u00e1ry, kter\u00e9 cht\u011bj\u00ed tr\u00e1vit spole\u010dn\u00e9 chv\u00edle v p\u0159\u00edjemn\u00e9m a soukrom\u00e9m prost\u0159ed\u00ed. Sauna dod\u00e1v\u00e1 intimn\u00ed a relaxa\u010dn\u00ed prvek, kter\u00fd se k romantick\u00e9mu pobytu dob\u0159e hod\u00ed.<\/p>\n\n\n\n<h3 class=\"wp-block-heading\"><strong>Host\u00e9 hledaj\u00ed Wellness a zbytek<\/strong><\/h3>\n\n\n\n<p>N\u011bkte\u0159\u00ed host\u00e9 si vyb\u00edraj\u00ed pobyt hlavn\u011b proto, aby na\u010derpali nov\u00e9 s\u00edly. Pro n\u011b je sauna v\u00edce ne\u017e jen dopl\u0148kem. St\u00e1v\u00e1 se sou\u010d\u00e1st\u00ed d\u016fvodu rezervace. V kombinaci s klidn\u00fdm prost\u0159ed\u00edm Veluwe pom\u00e1h\u00e1 vytvo\u0159it pocit pomalej\u0161\u00edho a regenera\u010dn\u00edho pobytu.<\/p>\n\n\n\n<h3 class=\"wp-block-heading\"><strong>Milovn\u00edci p\u0159\u00edrody, kte\u0159\u00ed cht\u011bj\u00ed tak\u00e9 pohodl\u00ed<\/strong><\/h3>\n\n\n\n<p>Pobyt ve Veluwe p\u0159irozen\u011b l\u00e1k\u00e1 hosty, kte\u0159\u00ed r\u00e1di chod\u00ed p\u011b\u0161ky, jezd\u00ed na kole a tr\u00e1v\u00ed \u010das v p\u0159\u00edrod\u011b. Sauna dod\u00e1v\u00e1 na konci dne pohodl\u00ed a dod\u00e1v\u00e1 pobytu pocit plnosti.<\/p>\n\n\n\n<h3 class=\"wp-block-heading\"><strong>V\u00edkendov\u00ed cestovatel\u00e9, kte\u0159\u00ed cht\u011bj\u00ed skute\u010dn\u011b uniknout<\/strong><\/h3>\n\n\n\n<p>Pro kr\u00e1tkou dovolenou je d\u016fle\u017eit\u00e9 spr\u00e1vn\u00e9 ubytov\u00e1n\u00ed. Rekrea\u010dn\u00ed d\u016fm se saunou usnad\u0148uje vytvo\u0159en\u00ed v\u00fdjime\u010dn\u00e9ho v\u00edkendu, ani\u017e byste museli dlouze cestovat nebo slo\u017eit\u011b pl\u00e1novat.<\/p>\n\n\n\n<h2 class=\"wp-block-heading\"><strong>Pro\u010d je pobyt v saun\u011b tak atraktivn\u00ed?<\/strong><\/h2>\n\n\n\n<p>Sauna m\u011bn\u00ed rytmus pobytu. Podn\u011bcuje hosty k tomu, aby si ud\u011blali v\u00edce \u010dasu, usadili se a u\u017eili si samotn\u00e9 ubytov\u00e1n\u00ed jako sou\u010d\u00e1st z\u00e1\u017eitku.<\/p>\n\n\n\n<p>To je zvl\u00e1\u0161t\u011b cenn\u00e9 v oblasti, jako je Veluwe, kde u\u017e okol\u00ed vyb\u00edz\u00ed k pomalej\u0161\u00edmu tempu. Po proch\u00e1zce, klidn\u00e9m r\u00e1nu nebo dni str\u00e1ven\u00e9m pozn\u00e1v\u00e1n\u00edm okol\u00ed umocn\u00ed pocit odpo\u010dinku n\u00e1vrat do pohodln\u00e9ho rekrea\u010dn\u00edho domu se saunou.<\/p>\n\n\n\n<p>Pro mnoho host\u016f je to pr\u00e1v\u011b to, co jim dod\u00e1v\u00e1 pocit skute\u010dn\u00e9ho odpo\u010dinku, a ne pouh\u00e9ho volna.<\/p>\n\n\n\n<h2 class=\"wp-block-heading\"><strong>Pohodl\u00ed, soukrom\u00ed a \u010das na odpo\u010dinek<\/strong><\/h2>\n\n\n\n<p>Rekrea\u010dn\u00ed d\u016fm se saunou nab\u00edz\u00ed jin\u00fd druh z\u00e1\u017eitku ne\u017e b\u011b\u017en\u00fd hotelov\u00fd pobyt. Host\u016fm poskytuje v\u011bt\u0161\u00ed kontrolu nad tempem dne a v\u00edce prostoru pro soukrom\u00ed a pohodl\u00ed.<\/p>\n\n\n\n<p>To \u010dasto znamen\u00e1:<\/p>\n\n\n\n<ul class=\"wp-block-list\">\n<li>relaxace bez rozptylov\u00e1n\u00ed<\/li>\n\n\n\n<li>v\u00edce soukrom\u00ed<\/li>\n\n\n\n<li>vytvo\u0159en\u00ed vlastn\u00edho re\u017eimu b\u011bhem pobytu<\/li>\n\n\n\n<li>kombinace pobytu venku s odpo\u010dinkem<\/li>\n\n\n\n<li>u\u010dinit z ubytov\u00e1n\u00ed sou\u010d\u00e1st z\u00e1\u017eitku<\/li>\n<\/ul>\n\n\n\n<p>Pro hosty, kte\u0159\u00ed si cen\u00ed pohodl\u00ed a atmosf\u00e9ry, m\u016f\u017ee b\u00fdt tento druh pobytu mnohem osobn\u011bj\u0161\u00ed.<\/p>\n\n\n\n<h2 class=\"wp-block-heading\"><strong>Co d\u011blat b\u011bhem pobytu ve Veluwe<\/strong><\/h2>\n\n\n\n<p>Pobyt ve Veluwe m\u016f\u017ee b\u00fdt aktivn\u00ed nebo klidn\u00fd podle va\u0161ich p\u0159edstav. N\u011bkte\u0159\u00ed host\u00e9 r\u00e1di tr\u00e1v\u00ed den venku a ve\u010der se vracej\u00ed k odpo\u010dinku. Jin\u00ed d\u00e1vaj\u00ed p\u0159ednost pomalej\u0161\u00edmu rytmu s m\u00e9n\u011b pl\u00e1ny a v\u00edce \u010dasu na vychutn\u00e1n\u00ed samotn\u00e9ho ubytov\u00e1n\u00ed.<\/p>\n\n\n\n<p>B\u011bhem pobytu si m\u016f\u017eete u\u017e\u00edvat:<\/p>\n\n\n\n<ul class=\"wp-block-list\">\n<li>lesn\u00ed proch\u00e1zky a cyklotrasy<\/li>\n\n\n\n<li>klidn\u00e1 r\u00e1na v p\u0159\u00edrod\u011b<\/li>\n\n\n\n<li>m\u00edstn\u00ed vesnice a terasy<\/li>\n\n\n\n<li>den u Arnhemu<\/li>\n\n\n\n<li>romantick\u00fd v\u00edkend s \u010dasem na odpo\u010dinek<\/li>\n\n\n\n<li>pomal\u00e9 ve\u010dery a odpo\u010dinkov\u00e9 rutiny<\/li>\n<\/ul>\n\n\n\n<p>Tato flexibilita je sou\u010d\u00e1st\u00ed p\u016fvabu. Veluwe v\u00e1m d\u00e1v\u00e1 prostor k tomu, abyste si pobyt p\u0159izp\u016fsobili tomu, co nejv\u00edce pot\u0159ebujete.<\/p>\n\n\n\n<h2 class=\"wp-block-heading\"><strong>Pro\u010d je Veluwe pro tento typ pobytu tak vhodn\u00e9?<\/strong><\/h2>\n\n\n\n<p>Ne ka\u017ed\u00e1 destinace je vhodn\u00e1 pro pobyt zam\u011b\u0159en\u00fd na pohodl\u00ed a relaxaci. Ru\u0161n\u00e9 prost\u0159ed\u00ed m\u016f\u017ee zt\u00ed\u017eit vypnut\u00ed. Veluwe nab\u00edz\u00ed prav\u00fd opak.<\/p>\n\n\n\n<p>Oblast je klidn\u00e1, zelen\u00e1 a otev\u0159en\u00e1. Tato p\u0159\u00edrodn\u00ed atmosf\u00e9ra se dob\u0159e dopl\u0148uje s ubytov\u00e1n\u00edm se saunou, proto\u017ee oboj\u00ed podporuje stejn\u00fd druh z\u00e1\u017eitku: v\u00edce odpo\u010dinku, v\u00edce pohodl\u00ed a v\u00edce prostoru pro zpomalen\u00ed.<\/p>\n\n\n\n<p>Pro hosty, kte\u0159\u00ed cht\u011bj\u00ed rekrea\u010dn\u00ed d\u016fm se saunou v klidn\u00e9m a p\u0159\u00edjemn\u00e9m prost\u0159ed\u00ed, je Veluwe p\u0159irozenou volbou.<\/p>\n\n\n\n<h2 class=\"wp-block-heading\"><strong>Rekrea\u010dn\u00ed d\u016fm, chata nebo rekrea\u010dn\u00ed d\u016fm se saunou?<\/strong><\/h2>\n\n\n\n<p>R\u016fzn\u00ed host\u00e9 popisuj\u00ed tento druh pobytu r\u016fzn\u00fdmi zp\u016fsoby. N\u011bkte\u0159\u00ed hledaj\u00ed rekrea\u010dn\u00ed d\u016fm se saunou ve Veluwe. Jin\u00ed mohou hledat chatu se saunou, rekrea\u010dn\u00ed d\u016fm s wellness nebo klidn\u00fd rekrea\u010dn\u00ed pron\u00e1jem pro romantickou dovolenou.<\/p>\n\n\n\n<p>P\u0159esn\u00e9 zn\u011bn\u00ed se m\u016f\u017ee li\u0161it, ale \u00fa\u010del je obvykle stejn\u00fd: p\u0159\u00edjemn\u00e9 m\u00edsto v p\u0159\u00edrod\u011b s p\u0159idan\u00fdm pocitem tepla a relaxace.<\/p>\n\n\n\n<p>Pro n\u011bkter\u00e9 hosty zn\u00ed chata romanti\u010dt\u011bji a atmosf\u00e9ri\u010dt\u011bji. Rekrea\u010dn\u00ed d\u016fm je praktick\u00fd a d\u016fv\u011brn\u011b zn\u00e1m\u00fd. Rekrea\u010dn\u00ed d\u016fm z\u016fst\u00e1v\u00e1 nejjasn\u011bj\u0161\u00edm \u0161irok\u00fdm pojmem. Nejd\u016fle\u017eit\u011bj\u0161\u00ed je, aby pobyt nab\u00edzel pohodl\u00ed, soukrom\u00ed a klidn\u00e9 prost\u0159ed\u00ed.<\/p>\n\n\n\n<h2 class=\"wp-block-heading\"><strong>Jak\u00e9 z\u00e1\u017eitky mohou host\u00e9 o\u010dek\u00e1vat?<\/strong><\/h2>\n\n\n\n<p>Pobyt v rekrea\u010dn\u00edm dom\u011b se saunou ve Veluwe \u010dasto oslovuje hosty, kte\u0159\u00ed cht\u011bj\u00ed:<\/p>\n\n\n\n<ul class=\"wp-block-list\">\n<li>sp\u00ed\u0161e klid ne\u017e hluk<\/li>\n\n\n\n<li>sp\u00ed\u0161e soukrom\u00ed ne\u017e davy lid\u00ed<\/li>\n\n\n\n<li>sp\u00ed\u0161e pohodl\u00ed ne\u017e form\u00e1lnost<\/li>\n\n\n\n<li>romantick\u00e9 nebo wellness prost\u0159ed\u00ed<\/li>\n\n\n\n<li>\u010das zpomalit a na\u010derpat energii<\/li>\n<\/ul>\n\n\n\n<p>A\u0165 u\u017e pl\u00e1nujete kr\u00e1tk\u00fd \u00fat\u011bk, nebo del\u0161\u00ed odpo\u010dinek, tento druh pobytu v\u00e1m usnadn\u00ed vychutnat si region vlastn\u00edm tempem.<\/p>\n\n\n\n<h2 class=\"wp-block-heading\"><strong>Doporu\u010den\u00e9 Holiday Homes se saunou v oblasti Veluwe<\/strong><\/h2>\n\n\n\n<p>Objevte rekrea\u010dn\u00ed domy se saunou v oblasti Veluwe, kter\u00e9 jsou navr\u017eeny pro pohodl\u00ed, soukrom\u00ed a klidn\u011bj\u0161\u00ed pobyt v p\u0159\u00edrod\u011b. A\u0165 u\u017e pl\u00e1nujete romantick\u00fd v\u00edkend, wellness pobyt nebo n\u011bkolik klidn\u00fdch dn\u00ed, spr\u00e1vn\u00fd d\u016fm pom\u016f\u017ee udat t\u00f3n cel\u00e9 cest\u011b.<\/p>\n\n\n\n<p>Prozkoumejte dostupn\u00e9 domy a najd\u011bte si pobyt, kter\u00fd vyhovuje va\u0161emu tempu, va\u0161im preferenc\u00edm a va\u0161emu typu dovolen\u00e9.<\/p>\n\n\n\n\t<div\n\t\tclass=\"flexy-container ct-posts-shortcode\"\n\t\tdata-flexy=\"no\">\n\t\t<div class=\"flexy\">\n\t\t\t<div class=\"flexy-view\" data-flexy-view=\"boxed\">\n\t\t\t\t<div\n\t\t\t\t\tclass=\"flexy-items\">\n\t\t\t\t\t<div class=\"flexy-item\"><a class=\"ct-media-container\" data-width=\"1280\" data-height=\"800\" href=\"https:\/\/holidayhomesmaridu.com\/cs\/properties\/tiny-cube\/\"><img loading=\"lazy\" decoding=\"async\" width=\"300\" height=\"188\" src=\"https:\/\/holidayhomesmaridu.com\/wp-content\/uploads\/2025\/08\/tinycube-0047-300x188.jpg\" class=\"attachment-medium size-medium\" alt=\"Modern\u00ed chata v lese\" srcset=\"https:\/\/holidayhomesmaridu.com\/wp-content\/uploads\/2025\/08\/tinycube-0047-300x188.jpg 300w, https:\/\/holidayhomesmaridu.com\/wp-content\/uploads\/2025\/08\/tinycube-0047-1024x640.jpg 1024w, https:\/\/holidayhomesmaridu.com\/wp-content\/uploads\/2025\/08\/tinycube-0047-768x480.jpg 768w, https:\/\/holidayhomesmaridu.com\/wp-content\/uploads\/2025\/08\/tinycube-0047-18x12.jpg 18w, https:\/\/holidayhomesmaridu.com\/wp-content\/uploads\/2025\/08\/tinycube-0047.jpg 1280w\" sizes=\"auto, (max-width: 300px) 100vw, 300px\" itemprop=\"image\" style=\"aspect-ratio: 16\/9;\" title=\"Rekrea\u010dn\u00ed d\u016fm se saunou ve Veluwe pro relaxa\u010dn\u00ed pobyt v p\u0159\u00edrod\u011b\"><\/a><\/div><div class=\"flexy-item\"><a class=\"ct-media-container\" data-width=\"1712\" data-height=\"1280\" href=\"https:\/\/holidayhomesmaridu.com\/cs\/properties\/ayla\/\"><img loading=\"lazy\" decoding=\"async\" width=\"300\" height=\"224\" src=\"https:\/\/holidayhomesmaridu.com\/wp-content\/uploads\/2025\/07\/maridu-ayla-0001-300x224.jpg\" class=\"attachment-medium size-medium\" alt=\"B\u00edl\u00e1 chata s venkovn\u00edm posezen\u00edm\" srcset=\"https:\/\/holidayhomesmaridu.com\/wp-content\/uploads\/2025\/07\/maridu-ayla-0001-300x224.jpg 300w, https:\/\/holidayhomesmaridu.com\/wp-content\/uploads\/2025\/07\/maridu-ayla-0001-1024x766.jpg 1024w, https:\/\/holidayhomesmaridu.com\/wp-content\/uploads\/2025\/07\/maridu-ayla-0001-768x574.jpg 768w, https:\/\/holidayhomesmaridu.com\/wp-content\/uploads\/2025\/07\/maridu-ayla-0001-1536x1148.jpg 1536w, https:\/\/holidayhomesmaridu.com\/wp-content\/uploads\/2025\/07\/maridu-ayla-0001.jpg 1712w\" sizes=\"auto, (max-width: 300px) 100vw, 300px\" itemprop=\"image\" style=\"aspect-ratio: 16\/9;\" title=\"Rekrea\u010dn\u00ed d\u016fm se saunou ve Veluwe pro relaxa\u010dn\u00ed pobyt v p\u0159\u00edrod\u011b\"><\/a><\/div><div class=\"flexy-item\"><a class=\"ct-media-container\" data-width=\"600\" data-height=\"400\" href=\"https:\/\/holidayhomesmaridu.com\/cs\/properties\/family-l-cube\/\"><img loading=\"lazy\" decoding=\"async\" width=\"300\" height=\"200\" src=\"https:\/\/holidayhomesmaridu.com\/wp-content\/uploads\/2025\/07\/maridu-l-cube-00002-300x200.jpg\" class=\"attachment-medium size-medium\" alt=\"Modern\u00ed d\u016fm s tr\u00e1vn\u00edkem.\" srcset=\"https:\/\/holidayhomesmaridu.com\/wp-content\/uploads\/2025\/07\/maridu-l-cube-00002-300x200.jpg 300w, https:\/\/holidayhomesmaridu.com\/wp-content\/uploads\/2025\/07\/maridu-l-cube-00002.jpg 600w\" sizes=\"auto, (max-width: 300px) 100vw, 300px\" itemprop=\"image\" style=\"aspect-ratio: 16\/9;\" title=\"Rekrea\u010dn\u00ed d\u016fm se saunou ve Veluwe pro relaxa\u010dn\u00ed pobyt v p\u0159\u00edrod\u011b\"><\/a><\/div><div class=\"flexy-item\"><a class=\"ct-media-container\" data-width=\"1920\" data-height=\"1200\" href=\"https:\/\/holidayhomesmaridu.com\/cs\/properties\/wellness\/\"><img loading=\"lazy\" decoding=\"async\" width=\"300\" height=\"188\" src=\"https:\/\/holidayhomesmaridu.com\/wp-content\/uploads\/2025\/07\/maridu-wellness-0001-300x188.jpg\" class=\"attachment-medium size-medium\" alt=\"\u00fatuln\u00e1 d\u0159ev\u011bn\u00e1 chata v p\u0159\u00edrod\u011b\" srcset=\"https:\/\/holidayhomesmaridu.com\/wp-content\/uploads\/2025\/07\/maridu-wellness-0001-300x188.jpg 300w, https:\/\/holidayhomesmaridu.com\/wp-content\/uploads\/2025\/07\/maridu-wellness-0001-1024x640.jpg 1024w, https:\/\/holidayhomesmaridu.com\/wp-content\/uploads\/2025\/07\/maridu-wellness-0001-768x480.jpg 768w, https:\/\/holidayhomesmaridu.com\/wp-content\/uploads\/2025\/07\/maridu-wellness-0001-1536x960.jpg 1536w, https:\/\/holidayhomesmaridu.com\/wp-content\/uploads\/2025\/07\/maridu-wellness-0001.jpg 1920w\" sizes=\"auto, (max-width: 300px) 100vw, 300px\" itemprop=\"image\" style=\"aspect-ratio: 16\/9;\" title=\"Rekrea\u010dn\u00ed d\u016fm se saunou ve Veluwe pro relaxa\u010dn\u00ed pobyt v p\u0159\u00edrod\u011b\"><\/a><\/div>\t\t\t\t<\/div>\n\t\t\t<\/div>\n\n\t\t\t\t\t\t\t<span class=\"flexy-arrow-prev\">\n\t\t\t\t\t<svg width=\"16\" height=\"10\" fill=\"currentColor\" viewbox=\"0 0 16 10\"><path d=\"M15.3 4.3h-13l2.8-3c.3-.3.3-.7 0-1-.3-.3-.6-.3-.9 0l-4 4.2-.2.2v.6c0 .1.1.2.2.2l4 4.2c.3.4.6.4.9 0 .3-.3.3-.7 0-1l-2.8-3h13c.2 0 .4-.1.5-.2s.2-.3.2-.5-.1-.4-.2-.5c-.1-.1-.3-.2-.5-.2z\"><\/path><\/svg>\t\t\t\t<\/span>\n\n\t\t\t\t<span class=\"flexy-arrow-next\">\n\t\t\t\t\t<svg width=\"16\" height=\"10\" fill=\"currentColor\" viewbox=\"0 0 16 10\"><path d=\"M.2 4.5c-.1.1-.2.3-.2.5s.1.4.2.5c.1.1.3.2.5.2h13l-2.8 3c-.3.3-.3.7 0 1 .3.3.6.3.9 0l4-4.2.2-.2V5v-.3c0-.1-.1-.2-.2-.2l-4-4.2c-.3-.4-.6-.4-.9 0-.3.3-.3.7 0 1l2.8 3H.7c-.2 0-.4.1-.5.2z\"><\/path><\/svg>\t\t\t\t<\/span>\n\t\t\t\t\t<\/div>\n\n\t\t<div class=\"flexy-pills\" data-type=\"circle\"><ol data-flexy=\"no:paused\"><li aria-label=\"Slide 1\" class=\"active\"><\/li><li aria-label=\"Slide 2\"><\/li><li aria-label=\"Slide 3\"><\/li><li aria-label=\"Slide 4\"><\/li><\/ol><\/div>\t<\/div>\n\t\n\n\n\n<h2 class=\"wp-block-heading\"><strong>Pro\u010d si vybrat tento typ pobytu?<\/strong><\/h2>\n\n\n\n<p>Rekrea\u010dn\u00ed d\u016fm se saunou v sob\u011b spojuje dv\u011b v\u011bci, kter\u00e9 mnoho host\u016f hled\u00e1: svobodu soukrom\u00e9ho pobytu a pohodl\u00ed wellness.<\/p>\n\n\n\n<p>Ve Veluwe je tato kombinace obzvl\u00e1\u0161\u0165 p\u0159irozen\u00e1. Prost\u0159ed\u00ed podporuje odpo\u010dinek, ubytov\u00e1n\u00ed dod\u00e1v\u00e1 pohodl\u00ed a spole\u010dn\u011b vytv\u00e1\u0159ej\u00ed pobyt, kter\u00fd p\u016fsob\u00ed klidn\u011b, osobn\u011b a regenera\u010dn\u011b.<\/p>\n\n\n\n<p>Pro hosty, kte\u0159\u00ed cht\u011bj\u00ed v\u00edce ne\u017e jen standardn\u011b p\u0159enocovat, je to atraktivn\u00ed zp\u016fsob, jak poznat region.<\/p>\n\n\n\n<h2 class=\"wp-block-heading\"><strong>\u010casto kladen\u00e9 dotazy (Frequently Asked Questions)<\/strong>)<\/h2>\n\n\n\n<div data-wp-context=\"{ &quot;autoclose&quot;: false, &quot;accordionItems&quot;: [] }\" data-wp-interactive=\"core\/accordion\" role=\"group\" class=\"wp-block-accordion is-layout-flow wp-block-accordion-is-layout-flow\">\n<div data-wp-class--is-open=\"state.isOpen\" data-wp-context=\"{ &quot;id&quot;: &quot;accordion-item-1&quot;, &quot;openByDefault&quot;: false }\" data-wp-init=\"callbacks.initAccordionItems\" data-wp-on-window--hashchange=\"callbacks.hashChange\" class=\"wp-block-accordion-item is-layout-flow wp-block-accordion-item-is-layout-flow\">\n<h3 class=\"wp-block-accordion-heading\"><button aria-expanded=\"false\" aria-controls=\"accordion-item-1-panel\" data-wp-bind--aria-expanded=\"state.isOpen\" data-wp-on--click=\"actions.toggle\" data-wp-on--keydown=\"actions.handleKeyDown\" id=\"accordion-item-1\" type=\"button\" class=\"wp-block-accordion-heading__toggle\"><span class=\"wp-block-accordion-heading__toggle-title\"><strong><strong>Je rekrea\u010dn\u00ed d\u016fm se saunou ve Veluwe vhodn\u00fd pro p\u00e1ry?<\/strong><\/strong><\/span><span class=\"wp-block-accordion-heading__toggle-icon\" aria-hidden=\"true\">+<\/span><\/button><\/h3>\n\n\n\n<div inert aria-labelledby=\"accordion-item-1\" data-wp-bind--inert=\"!state.isOpen\" id=\"accordion-item-1-panel\" role=\"region\" class=\"wp-block-accordion-panel is-layout-flow wp-block-accordion-panel-is-layout-flow\">\n<p>Ano, tento typ pobytu je atraktivn\u00ed zejm\u00e9na pro p\u00e1ry, kter\u00e9 cht\u011bj\u00ed str\u00e1vit romantick\u00fd a relaxa\u010dn\u00ed pobyt s v\u011bt\u0161\u00edm soukrom\u00edm a komfortem.<\/p>\n<\/div>\n<\/div>\n\n\n\n<div data-wp-class--is-open=\"state.isOpen\" data-wp-context=\"{ &quot;id&quot;: &quot;accordion-item-2&quot;, &quot;openByDefault&quot;: false }\" data-wp-init=\"callbacks.initAccordionItems\" data-wp-on-window--hashchange=\"callbacks.hashChange\" class=\"wp-block-accordion-item is-layout-flow wp-block-accordion-item-is-layout-flow\">\n<h3 class=\"wp-block-accordion-heading\"><button aria-expanded=\"false\" aria-controls=\"accordion-item-2-panel\" data-wp-bind--aria-expanded=\"state.isOpen\" data-wp-on--click=\"actions.toggle\" data-wp-on--keydown=\"actions.handleKeyDown\" id=\"accordion-item-2\" type=\"button\" class=\"wp-block-accordion-heading__toggle\"><span class=\"wp-block-accordion-heading__toggle-title\"><strong><strong>Je Veluwe vhodnou destinac\u00ed pro pobyt v saun\u011b?<\/strong><\/strong><\/span><span class=\"wp-block-accordion-heading__toggle-icon\" aria-hidden=\"true\">+<\/span><\/button><\/h3>\n\n\n\n<div inert aria-labelledby=\"accordion-item-2\" data-wp-bind--inert=\"!state.isOpen\" id=\"accordion-item-2-panel\" role=\"region\" class=\"wp-block-accordion-panel is-layout-flow wp-block-accordion-panel-is-layout-flow\">\n<p>Ano, Veluwe je pro tento druh pobytu velmi vhodn\u00e9 d\u00edky sv\u00e9 klidn\u00e9 atmosf\u00e9\u0159e, p\u0159\u00edrodn\u00edmu prost\u0159ed\u00ed a pomalej\u0161\u00edmu tempu.<\/p>\n<\/div>\n<\/div>\n\n\n\n<div data-wp-class--is-open=\"state.isOpen\" data-wp-context=\"{ &quot;id&quot;: &quot;accordion-item-3&quot;, &quot;openByDefault&quot;: false }\" data-wp-init=\"callbacks.initAccordionItems\" data-wp-on-window--hashchange=\"callbacks.hashChange\" class=\"wp-block-accordion-item is-layout-flow wp-block-accordion-item-is-layout-flow\">\n<h3 class=\"wp-block-accordion-heading\"><button aria-expanded=\"false\" aria-controls=\"accordion-item-3-panel\" data-wp-bind--aria-expanded=\"state.isOpen\" data-wp-on--click=\"actions.toggle\" data-wp-on--keydown=\"actions.handleKeyDown\" id=\"accordion-item-3\" type=\"button\" class=\"wp-block-accordion-heading__toggle\"><span class=\"wp-block-accordion-heading__toggle-title\"><strong><strong><strong>Zp\u0159\u00edjemn\u00ed v\u00e1m kr\u00e1tk\u00fd odpo\u010dinek sauna?<\/strong><\/strong><\/strong><\/span><span class=\"wp-block-accordion-heading__toggle-icon\" aria-hidden=\"true\">+<\/span><\/button><\/h3>\n\n\n\n<div inert aria-labelledby=\"accordion-item-3\" data-wp-bind--inert=\"!state.isOpen\" id=\"accordion-item-3-panel\" role=\"region\" class=\"wp-block-accordion-panel is-layout-flow wp-block-accordion-panel-is-layout-flow\">\n<p>Pro mnoho host\u016f ano. Sauna zvy\u0161uje pohodl\u00ed a pom\u00e1h\u00e1 vytvo\u0159it relaxa\u010dn\u00ed z\u00e1\u017eitek, zejm\u00e9na b\u011bhem v\u00edkendov\u00e9ho pobytu nebo pobytu zam\u011b\u0159en\u00e9ho na wellness.<\/p>\n<\/div>\n<\/div>\n\n\n\n<div data-wp-class--is-open=\"state.isOpen\" data-wp-context=\"{ &quot;id&quot;: &quot;accordion-item-4&quot;, &quot;openByDefault&quot;: false }\" data-wp-init=\"callbacks.initAccordionItems\" data-wp-on-window--hashchange=\"callbacks.hashChange\" class=\"wp-block-accordion-item is-layout-flow wp-block-accordion-item-is-layout-flow\">\n<h3 class=\"wp-block-accordion-heading\"><button aria-expanded=\"false\" aria-controls=\"accordion-item-4-panel\" data-wp-bind--aria-expanded=\"state.isOpen\" data-wp-on--click=\"actions.toggle\" data-wp-on--keydown=\"actions.handleKeyDown\" id=\"accordion-item-4\" type=\"button\" class=\"wp-block-accordion-heading__toggle\"><span class=\"wp-block-accordion-heading__toggle-title\"><strong><strong><strong><strong>Je tento typ pobytu ur\u010den pouze na zimu?<\/strong><\/strong><\/strong><\/strong><\/span><span class=\"wp-block-accordion-heading__toggle-icon\" aria-hidden=\"true\">+<\/span><\/button><\/h3>\n\n\n\n<div inert aria-labelledby=\"accordion-item-4\" data-wp-bind--inert=\"!state.isOpen\" id=\"accordion-item-4-panel\" role=\"region\" class=\"wp-block-accordion-panel is-layout-flow wp-block-accordion-panel-is-layout-flow\">\n<p>Ne. rekrea\u010dn\u00ed d\u016fm se saunou m\u016f\u017ee b\u00fdt atraktivn\u00ed v ka\u017ed\u00e9m ro\u010dn\u00edm obdob\u00ed. Dod\u00e1v\u00e1 pohodl\u00ed po pobytu venku a pom\u00e1h\u00e1 vytvo\u0159it klidn\u011bj\u0161\u00ed tempo po cel\u00fd rok.<\/p>\n<\/div>\n<\/div>\n\n\n\n<div data-wp-class--is-open=\"state.isOpen\" data-wp-context=\"{ &quot;id&quot;: &quot;accordion-item-5&quot;, &quot;openByDefault&quot;: false }\" data-wp-init=\"callbacks.initAccordionItems\" data-wp-on-window--hashchange=\"callbacks.hashChange\" class=\"wp-block-accordion-item is-layout-flow wp-block-accordion-item-is-layout-flow\">\n<h3 class=\"wp-block-accordion-heading\"><button aria-expanded=\"false\" aria-controls=\"accordion-item-5-panel\" data-wp-bind--aria-expanded=\"state.isOpen\" data-wp-on--click=\"actions.toggle\" data-wp-on--keydown=\"actions.handleKeyDown\" id=\"accordion-item-5\" type=\"button\" class=\"wp-block-accordion-heading__toggle\"><span class=\"wp-block-accordion-heading__toggle-title\"><strong><strong><strong><strong><strong>Jac\u00ed host\u00e9 si obvykle vyb\u00edraj\u00ed tento pobyt?<\/strong><\/strong><\/strong><\/strong><\/strong><\/span><span class=\"wp-block-accordion-heading__toggle-icon\" aria-hidden=\"true\">+<\/span><\/button><\/h3>\n\n\n\n<div inert aria-labelledby=\"accordion-item-5\" data-wp-bind--inert=\"!state.isOpen\" id=\"accordion-item-5-panel\" role=\"region\" class=\"wp-block-accordion-panel is-layout-flow wp-block-accordion-panel-is-layout-flow\">\n<p>Tento typ pobytu \u010dasto oslovuje p\u00e1ry, wellness hosty a cestovatele, kte\u0159\u00ed cht\u011bj\u00ed str\u00e1vit klidn\u00fd a pohodln\u00fd pobyt v p\u0159\u00edrod\u011b.<\/p>\n<\/div>\n<\/div>\n\n\n\n<div data-wp-class--is-open=\"state.isOpen\" data-wp-context=\"{ &quot;id&quot;: &quot;accordion-item-6&quot;, &quot;openByDefault&quot;: false }\" data-wp-init=\"callbacks.initAccordionItems\" data-wp-on-window--hashchange=\"callbacks.hashChange\" class=\"wp-block-accordion-item is-layout-flow wp-block-accordion-item-is-layout-flow\">\n<h3 class=\"wp-block-accordion-heading\"><button aria-expanded=\"false\" aria-controls=\"accordion-item-6-panel\" data-wp-bind--aria-expanded=\"state.isOpen\" data-wp-on--click=\"actions.toggle\" data-wp-on--keydown=\"actions.handleKeyDown\" id=\"accordion-item-6\" type=\"button\" class=\"wp-block-accordion-heading__toggle\"><span class=\"wp-block-accordion-heading__toggle-title\"><strong><strong><strong><strong><strong><strong>Jak\u00fd je rozd\u00edl mezi wellness rekrea\u010dn\u00edm domem a rekrea\u010dn\u00edm domem se saunou?<\/strong><\/strong><\/strong><\/strong><\/strong><\/strong><\/span><span class=\"wp-block-accordion-heading__toggle-icon\" aria-hidden=\"true\">+<\/span><\/button><\/h3>\n\n\n\n<div inert aria-labelledby=\"accordion-item-6\" data-wp-bind--inert=\"!state.isOpen\" id=\"accordion-item-6-panel\" role=\"region\" class=\"wp-block-accordion-panel is-layout-flow wp-block-accordion-panel-is-layout-flow\">\n<p>Wellness rekrea\u010dn\u00ed d\u016fm je \u0161ir\u0161\u00ed pojem a m\u016f\u017ee zahrnovat r\u016fzn\u00e9 relaxa\u010dn\u00ed prvky nebo celkovou wellness atmosf\u00e9ru. Rekrea\u010dn\u00ed d\u016fm se saunou je specifi\u010dt\u011bj\u0161\u00ed a zam\u011b\u0159uje se na hosty, kte\u0159\u00ed si tuto funkci aktivn\u011b p\u0159ej\u00ed jako sou\u010d\u00e1st pobytu.<\/p>\n<\/div>\n<\/div>\n<\/div>\n\n\n\n<h2 class=\"wp-block-heading\"><strong>Napl\u00e1nujte si pobyt ve Veluwe<\/strong><\/h2>\n\n\n\n<p>Pokud hled\u00e1te rekrea\u010dn\u00ed d\u016fm se saunou v oblasti Veluwe, relaxa\u010dn\u00ed chatu v p\u0159\u00edrod\u011b nebo pohodln\u00fd pobyt pro wellness pobyt, nab\u00edz\u00ed tento region tu spr\u00e1vnou kombinaci klidu, pohodl\u00ed a atmosf\u00e9ry.<\/p>\n\n\n\n<p>Prozkoumejte dostupn\u00e9 domy, porovnejte mo\u017enosti a vyberte si pobyt, kter\u00fd odpov\u00edd\u00e1 va\u0161im p\u0159edstav\u00e1m.<\/p>\n\n\n\n<p><a href=\"https:\/\/holidayhomesmaridu.com\/cs\/nase-rekreacni-domy\/\" data-type=\"page\" data-id=\"22\">Zkontrolujte dostupnost. Prozkoumejte domy. Objevte region. Napl\u00e1nujte si pobyt.<\/a><\/p>","protected":false},"featured_media":0,"menu_order":0,"template":"","class_list":["post-1837","landingpage","type-landingpage","status-publish","hentry"],"blocksy_meta":[],"_links":{"self":[{"href":"https:\/\/holidayhomesmaridu.com\/cs\/wp-json\/wp\/v2\/landingpage\/1837","targetHints":{"allow":["GET"]}}],"collection":[{"href":"https:\/\/holidayhomesmaridu.com\/cs\/wp-json\/wp\/v2\/landingpage"}],"about":[{"href":"https:\/\/holidayhomesmaridu.com\/cs\/wp-json\/wp\/v2\/types\/landingpage"}],"wp:attachment":[{"href":"https:\/\/holidayhomesmaridu.com\/cs\/wp-json\/wp\/v2\/media?parent=1837"}],"curies":[{"name":"wp","href":"https:\/\/api.w.org\/{rel}","templated":true}]}}