{"id":1840,"date":"2026-02-15T09:00:18","date_gmt":"2026-02-15T08:00:18","guid":{"rendered":"https:\/\/holidayhomesmaridu.com\/?post_type=landingpage&#038;p=1840"},"modified":"2026-03-06T22:42:50","modified_gmt":"2026-03-06T21:42:50","slug":"chata-u-arnhemu","status":"publish","type":"landingpage","link":"https:\/\/holidayhomesmaridu.com\/cs\/lp\/cottage-near-arnhem\/","title":{"rendered":"Chata pobl\u00ed\u017e Arnhemu pro klidn\u00fd pobyt v bl\u00edzkosti m\u011bsta a p\u0159\u00edrody"},"content":{"rendered":"<h2 class=\"wp-block-heading\"><strong>Chata pobl\u00ed\u017e Arnhemu<\/strong><\/h2>\n\n\n\n<div class=\"wp-block-columns is-layout-flex wp-container-core-columns-is-layout-28f84493 wp-block-columns-is-layout-flex\">\n<div class=\"wp-block-column is-layout-flow wp-block-column-is-layout-flow\">\n<p>Hled\u00e1te chatu v bl\u00edzkosti Arnhemu, kde si m\u016f\u017eete u\u017e\u00edvat klid, pohodl\u00ed a snadn\u00fd p\u0159\u00edstup do p\u0159\u00edrody i do m\u011bsta? Maridu nab\u00edz\u00ed pobyty ur\u010den\u00e9 pro hosty, kte\u0159\u00ed cht\u011bj\u00ed klidn\u011bj\u0161\u00ed a osobn\u011bj\u0161\u00ed alternativu ke span\u00ed v samotn\u00e9m Arnhemu. A\u0165 u\u017e pl\u00e1nujete romantickou dovolenou, v\u00edkendov\u00fd pobyt nebo n\u011bkolik pomalej\u0161\u00edch dn\u00ed v regionu, tato oblast nab\u00edz\u00ed pohodln\u00e9 z\u00e1zem\u00ed se spr\u00e1vnou rovnov\u00e1hou klidu a pohodl\u00ed.<\/p>\n\n\n\n<p>Pobyt nedaleko Arnhemu v\u00e1m poskytne prostor, abyste se vzd\u00e1lili ru\u0161n\u00fdm ulic\u00edm a z\u00e1rove\u0148 m\u011bli na dosah restaurace, kulturu a m\u00edstn\u00ed zaj\u00edmavosti. Pokud hled\u00e1te chatu u Arnhemu, okouzluj\u00edc\u00ed rekrea\u010dn\u00ed d\u016fm v bl\u00edzkosti \u0159eky Veluwe nebo pohodln\u00fd rekrea\u010dn\u00ed d\u016fm obklopen\u00fd zelen\u00ed, nab\u00edz\u00ed toto prost\u0159ed\u00ed atraktivn\u00ed zp\u016fsob, jak poznat tento region.<\/p>\n\n\n\n<h2 class=\"wp-block-heading\"><strong>Pro\u010d si vybrat chatu pobl\u00ed\u017e Arnhemu?<\/strong><\/h2>\n\n\n\n<p>Arnhem je obl\u00edbenou destinac\u00ed pro kr\u00e1tkou dovolenou, ale ne ka\u017ed\u00fd host se chce ubytovat v centru m\u011bsta. Mnoz\u00ed lid\u00e9 hledaj\u00ed atmosf\u00e9ru a dostupnost Arnhemu a z\u00e1rove\u0148 d\u00e1vaj\u00ed p\u0159ednost sp\u00e1nku na klidn\u011bj\u0161\u00edm a zelen\u011bj\u0161\u00edm m\u00edst\u011b.<\/p>\n\n\n\n<p>V tomto p\u0159\u00edpad\u011b se chata u Arnhemu st\u00e1v\u00e1 atraktivn\u00ed. P\u0159es den si m\u016f\u017eete u\u017e\u00edvat m\u011bsto a ve\u010der se vr\u00e1tit na m\u00edsto, kde se c\u00edt\u00edte uvoln\u011bn\u011bji. Pro mnoho host\u016f to vytv\u00e1\u0159\u00ed pohodln\u011bj\u0161\u00ed a p\u0159\u00edjemn\u011bj\u0161\u00ed pobyt.<\/p>\n\n\n\n<p>Pobyt zde je obzvl\u00e1\u0161t\u011b vhodn\u00fd, pokud chcete:<\/p>\n\n\n\n<ul class=\"wp-block-list\">\n<li>snadn\u00fd p\u0159\u00edstup do Arnhemu<\/li>\n\n\n\n<li>klidn\u011bj\u0161\u00ed m\u00edsto k pobytu<\/li>\n\n\n\n<li>v\u00edce soukrom\u00ed, ne\u017e m\u016f\u017ee nab\u00eddnout hotel<\/li>\n\n\n\n<li>pohodln\u00e9 z\u00e1zem\u00ed v bl\u00edzkosti p\u0159\u00edrody<\/li>\n\n\n\n<li>v\u00edkendov\u00fd pobyt ve m\u011bst\u011b i v p\u0159\u00edrod\u011b v okol\u00ed<\/li>\n<\/ul>\n\n\n\n<p>Pro hosty, kte\u0159\u00ed oce\u0148uj\u00ed klid, flexibilitu a atmosf\u00e9ru, je chata v bl\u00edzkosti Arnhemu \u010dasto silnou alternativou k pobytu ve m\u011bst\u011b.<\/p>\n\n\n\n<h2 class=\"wp-block-heading\"><strong>Bl\u00edzko Arnhemu, daleko od shonu<\/strong><\/h2>\n\n\n\n<p>Jednou z nejv\u011bt\u0161\u00edch v\u00fdhod pobytu v bl\u00edzkosti Arnhemu je, \u017ee nemus\u00edte volit mezi pohodl\u00edm a klidem. M\u016f\u017eete nav\u0161t\u00edvit m\u011bsto, zaj\u00edt si na ob\u011bd, na n\u00e1kupy, za kulturou nebo na celodenn\u00ed v\u00fdlet, a p\u0159itom se ubytovat na m\u00edst\u011b, kter\u00e9 je pomalej\u0161\u00ed a klidn\u011bj\u0161\u00ed.<\/p>\n\n\n\n<p>Tato rovnov\u00e1ha vyhovuje mnoha r\u016fzn\u00fdm typ\u016fm cestovatel\u016f. N\u011bkte\u0159\u00ed cht\u011bj\u00ed str\u00e1vit romantickou dovolenou s n\u011bkolika m\u00edstn\u00edmi v\u00fdlety. Jin\u00ed cht\u011bj\u00ed praktickou z\u00e1kladnu pro pozn\u00e1v\u00e1n\u00ed Arnhemu i okoln\u00ed p\u0159\u00edrody. Tato lokalita podporuje oboj\u00ed.<\/p>\n\n\n\n<p>Pro hosty, kte\u0159\u00ed cht\u011bj\u00ed m\u00edt p\u0159\u00edstup do m\u011bsta bez m\u011bstsk\u00e9ho hluku, je to velmi atraktivn\u00ed typ pobytu.<\/p>\n\n\n\n<h2 class=\"wp-block-heading\"><strong>Pro koho je tento pobyt ur\u010den<\/strong><\/h2>\n\n\n\n<h3 class=\"wp-block-heading\"><strong>P\u00e1ry hledaj\u00edc\u00ed klidn\u00fd odpo\u010dinek<\/strong><\/h3>\n\n\n\n<p>Chata u Arnhemu je atraktivn\u00ed zejm\u00e9na pro p\u00e1ry, kter\u00e9 cht\u011bj\u00ed tr\u00e1vit spole\u010dn\u00fd \u010das v soukrom\u00ed a pohodl\u00ed. Nab\u00edz\u00ed klidn\u011bj\u0161\u00ed atmosf\u00e9ru ne\u017e b\u011b\u017en\u00fd pobyt ve m\u011bst\u011b a m\u016f\u017ee i kr\u00e1tk\u00fd pobyt u\u010dinit osobn\u011bj\u0161\u00edm.<\/p>\n\n\n\n<h3 class=\"wp-block-heading\"><strong>Host\u00e9, kte\u0159\u00ed cht\u011bj\u00ed p\u0159\u00edrodu a pohodl\u00ed<\/strong><\/h3>\n\n\n\n<p>N\u011bkte\u0159\u00ed host\u00e9 se cht\u011bj\u00ed ubytovat v zeleni a klidu, ani\u017e by byli daleko od restaurac\u00ed, obchod\u016f nebo kulturn\u00edch pam\u00e1tek. Tato oblast tuto kombinaci p\u0159irozen\u011b nab\u00edz\u00ed.<\/p>\n\n\n\n<h3 class=\"wp-block-heading\"><strong>V\u00edkendov\u00ed cestovatel\u00e9<\/strong><\/h3>\n\n\n\n<p>Pro kr\u00e1tkou dovolenou je d\u016fle\u017eit\u00e1 lokalita. Pobyt v bl\u00edzkosti Arnhemu umo\u017e\u0148uje u\u017e\u00edt si b\u011bhem cesty rozmanitost a z\u00e1rove\u0148 se ka\u017ed\u00fd den vracet na klidn\u011bj\u0161\u00ed m\u00edsto.<\/p>\n\n\n\n<h3 class=\"wp-block-heading\"><strong>Host\u00e9, kte\u0159\u00ed hledaj\u00ed osobn\u011bj\u0161\u00ed pobyt<\/strong><\/h3>\n\n\n\n<p>Chata \u010dasto p\u016fsob\u00ed tepleji a individu\u00e1ln\u011bji ne\u017e standardn\u00ed hotelov\u00fd pokoj. Pro hosty, kter\u00fdm z\u00e1le\u017e\u00ed na atmosf\u00e9\u0159e a pohodl\u00ed, to m\u016f\u017ee pobyt u\u010dinit nezapomenuteln\u011bj\u0161\u00edm.<\/p>\n\n\n\n<h2 class=\"wp-block-heading\"><strong>Pro\u010d je pobyt v bl\u00edzkosti Arnhemu tak atraktivn\u00ed?<\/strong><\/h2>\n\n\n\n<p>Atraktivita pobytu v bl\u00edzkosti Arnhemu spo\u010d\u00edv\u00e1 v kombinaci dostupnosti, pohodl\u00ed a tempa. Jste dostate\u010dn\u011b bl\u00edzko, abyste si u\u017eili m\u011bsto, ale z\u00e1rove\u0148 dostate\u010dn\u011b daleko, abyste za\u017eili v\u00edce klidu a prostoru.<\/p>\n\n\n\n<p>Chata v bl\u00edzkosti Arnhemu je \u010dasto atraktivn\u00ed, proto\u017ee nab\u00edz\u00ed:<\/p>\n\n\n\n<ul class=\"wp-block-list\">\n<li>ochrana osobn\u00edch \u00fadaj\u016f<\/li>\n\n\n\n<li>klidn\u011bj\u0161\u00ed prost\u0159ed\u00ed<\/li>\n\n\n\n<li>snadn\u00fd p\u0159\u00edstup do m\u011bsta<\/li>\n\n\n\n<li>uvoln\u011bn\u011bj\u0161\u00ed atmosf\u00e9ra<\/li>\n\n\n\n<li>pohodl\u00ed pro kr\u00e1tkodob\u00e9 i dlouhodob\u00e9 pobyty<\/li>\n\n\n\n<li>siln\u011bj\u0161\u00ed spojen\u00ed s okoln\u00edm regionem<\/li>\n<\/ul>\n\n\n\n<p>Pro mnoho host\u016f to p\u0159edstavuje lep\u0161\u00ed celkov\u00fd z\u00e1\u017eitek z cestov\u00e1n\u00ed ne\u017e pobyt p\u0159\u00edmo v ru\u0161n\u011bj\u0161\u00edm m\u011bstsk\u00e9m prost\u0159ed\u00ed.<\/p>\n\n\n\n<h2 class=\"wp-block-heading\"><strong>Dobr\u00e1 z\u00e1kladna pro pozn\u00e1v\u00e1n\u00ed regionu<\/strong><\/h2>\n\n\n\n<p>Pobyt v okol\u00ed Arnhemu m\u00e1 smysl nejen pro n\u00e1v\u0161t\u011bvu m\u011bsta. Dob\u0159e poslou\u017e\u00ed i jako z\u00e1kladna pro pozn\u00e1v\u00e1n\u00ed \u0161ir\u0161\u00edho okol\u00ed, v\u010detn\u011b p\u0159\u00edrody, m\u00edstn\u00edch vesnic a pomalej\u0161\u00edch jednodenn\u00edch v\u00fdlet\u016f v okol\u00ed.<\/p>\n\n\n\n<p>D\u00edky tomu je tento typ pobytu flexibiln\u00ed. M\u016f\u017eete se dr\u017eet jednoduchosti, tr\u00e1vit \u010das venku, vychutn\u00e1vat si m\u00edstn\u00ed j\u00eddlo nebo kombinovat r\u016fzn\u00e9 typy v\u00fdlet\u016f, ani\u017e byste se c\u00edtili v\u00e1z\u00e1ni na jedno prost\u0159ed\u00ed.<\/p>\n\n\n\n<p>Tento typ z\u00e1kladny je vhodn\u00fd zejm\u00e9na pro hosty, kte\u0159\u00ed se cht\u011bj\u00ed b\u011bhem sv\u00e9ho pobytu h\u00fdbat i odpo\u010d\u00edvat.<\/p>\n\n\n\n<h2 class=\"wp-block-heading\"><strong>Co d\u011blat b\u011bhem pobytu v okol\u00ed Arnhemu<\/strong><\/h2>\n\n\n\n<p>Chata v bl\u00edzkosti Arnhemu v\u00e1m nab\u00edz\u00ed r\u016fzn\u00e9 mo\u017enosti, jak si sv\u016fj pobyt utv\u00e1\u0159et podle sv\u00fdch z\u00e1jm\u016f a tempa.<\/p>\n\n\n\n<p>B\u011bhem pobytu si m\u016f\u017eete u\u017e\u00edvat:<\/p>\n\n\n\n<ul class=\"wp-block-list\">\n<li>n\u00e1v\u0161t\u011bva Arnhemu za kulturou, n\u00e1kupy a stravov\u00e1n\u00edm<\/li>\n\n\n\n<li>pozn\u00e1v\u00e1n\u00ed okoln\u00edch p\u0159\u00edrodn\u00edch oblast\u00ed<\/li>\n\n\n\n<li>p\u011b\u0161\u00ed a cyklistick\u00e1 doprava v regionu<\/li>\n\n\n\n<li>m\u00edstn\u00ed vesnice a uvoln\u011bn\u00e9 terasy<\/li>\n\n\n\n<li>kombinace \u010dasu str\u00e1ven\u00e9ho ve m\u011bst\u011b a klidn\u00fdch ve\u010der\u016f<\/li>\n\n\n\n<li>kr\u00e1tk\u00e1 p\u0159est\u00e1vka s v\u011bt\u0161\u00ed flexibilitou a komfortem<\/li>\n<\/ul>\n\n\n\n<p>D\u00edky t\u00e9to rozmanitosti je oblast vhodn\u00e1 pro p\u00e1ry, v\u00edkendov\u00e9 cestovatele a hosty, kte\u0159\u00ed cht\u011bj\u00ed str\u00e1vit vyrovnan\u011bj\u0161\u00ed v\u00fdlet.<\/p>\n\n\n\n<h2 class=\"wp-block-heading\"><strong>Chata, chalupa nebo rekrea\u010dn\u00ed d\u016fm v bl\u00edzkosti Arnhemu?<\/strong><\/h2>\n\n\n\n<p>R\u016fzn\u00ed host\u00e9 pou\u017e\u00edvaj\u00ed p\u0159i hled\u00e1n\u00ed pobytu v t\u00e9to oblasti r\u016fzn\u00e1 slova. N\u011bkte\u0159\u00ed mohou hledat chatu v bl\u00edzkosti Arnhemu. Jin\u00ed mohou hledat rekrea\u010dn\u00ed d\u016fm v bl\u00edzkosti Arnhemu, rekrea\u010dn\u00ed d\u016fm v bl\u00edzkosti m\u011bsta nebo rekrea\u010dn\u00ed pron\u00e1jem obklopen\u00fd zelen\u00ed.<\/p>\n\n\n\n<p>Formulace se m\u011bn\u00ed, ale z\u00e1m\u011br je \u010dasto velmi podobn\u00fd: pohodln\u00e9 m\u00edsto k pobytu pobl\u00ed\u017e Arnhemu s v\u011bt\u0161\u00edm klidem a soukrom\u00edm ne\u017e m\u011bstsk\u00fd hotel.<\/p>\n\n\n\n<p>Pro mnoho host\u016f zn\u00ed chata tepleji a l\u00e1kav\u011bji. Rekrea\u010dn\u00ed d\u016fm je \u0161ir\u0161\u00ed a prakti\u010dt\u011bj\u0161\u00ed. Rekrea\u010dn\u00ed d\u016fm je d\u016fv\u011brn\u011b zn\u00e1m\u00fd a flexibiln\u00ed. Nejd\u016fle\u017eit\u011bj\u0161\u00ed je, aby pobyt odpov\u00eddal z\u00e1\u017eitk\u016fm, kter\u00e9 lid\u00e9 hledaj\u00ed.<\/p>\n\n\n\n<h2 class=\"wp-block-heading\"><strong>Jak\u00e9 z\u00e1\u017eitky mohou host\u00e9 o\u010dek\u00e1vat?<\/strong><\/h2>\n\n\n\n<p>Pobyt v chat\u011b u Arnhemu \u010dasto oslovuje hosty, kte\u0159\u00ed cht\u011bj\u00ed:<\/p>\n\n\n\n<ul class=\"wp-block-list\">\n<li>klid, ani\u017e by byl vzd\u00e1len\u00fd<\/li>\n\n\n\n<li>pohodl\u00ed bez form\u00e1lnosti<\/li>\n\n\n\n<li>sp\u00ed\u0161e soukrom\u00ed ne\u017e davy lid\u00ed<\/li>\n\n\n\n<li>snadn\u00fd p\u0159\u00edstup do m\u011bsta i do p\u0159\u00edrody<\/li>\n\n\n\n<li>osobn\u011bj\u0161\u00ed a uvoln\u011bn\u011bj\u0161\u00ed tempo<\/li>\n<\/ul>\n\n\n\n<p>A\u0165 u\u017e pl\u00e1nujete romantick\u00fd v\u00edkend, klidnou dovolenou nebo n\u011bkolikadenn\u00ed pozn\u00e1v\u00e1n\u00ed regionu, tento druh pobytu v\u00e1m usnadn\u00ed pohodln\u011b si u\u017e\u00edt Arnhem a jeho okol\u00ed.<\/p>\n\n\n\n<h2 class=\"wp-block-heading\"><strong>Doporu\u010den\u00e9 chaty pobl\u00ed\u017e Arnhemu<\/strong><\/h2>\n\n\n\n<p>Objevte chaty pobl\u00ed\u017e Arnhemu navr\u017een\u00e9 pro pohodl\u00ed, soukrom\u00ed a klidn\u011bj\u0161\u00ed pobyt v bl\u00edzkosti m\u011bsta i p\u0159\u00edrody. A\u0165 u\u017e pl\u00e1nujete kr\u00e1tkou romantickou dovolenou nebo flexibiln\u011bj\u0161\u00ed v\u00edkend, spr\u00e1vn\u00fd d\u016fm v\u00e1m pom\u016f\u017ee utv\u00e1\u0159et cel\u00fd z\u00e1\u017eitek.<\/p>\n\n\n\n<p>Prozkoumejte dostupn\u00e9 domy a najd\u011bte si pobyt, kter\u00fd odpov\u00edd\u00e1 va\u0161emu tempu, va\u0161im pl\u00e1n\u016fm a zp\u016fsobu tr\u00e1ven\u00ed voln\u00e9ho \u010dasu.<\/p>\n<\/div>\n<\/div>\n\n\n\n\t<div\n\t\tclass=\"flexy-container ct-posts-shortcode\"\n\t\tdata-flexy=\"no\">\n\t\t<div class=\"flexy\">\n\t\t\t<div class=\"flexy-view\" data-flexy-view=\"boxed\">\n\t\t\t\t<div\n\t\t\t\t\tclass=\"flexy-items\">\n\t\t\t\t\t<div class=\"flexy-item\"><a class=\"ct-media-container\" data-width=\"1280\" data-height=\"800\" href=\"https:\/\/holidayhomesmaridu.com\/cs\/properties\/tiny-cube\/\"><img loading=\"lazy\" decoding=\"async\" width=\"300\" height=\"188\" src=\"https:\/\/holidayhomesmaridu.com\/wp-content\/uploads\/2025\/08\/tinycube-0047-300x188.jpg\" class=\"attachment-medium size-medium\" alt=\"Modern\u00ed chata v lese\" srcset=\"https:\/\/holidayhomesmaridu.com\/wp-content\/uploads\/2025\/08\/tinycube-0047-300x188.jpg 300w, https:\/\/holidayhomesmaridu.com\/wp-content\/uploads\/2025\/08\/tinycube-0047-1024x640.jpg 1024w, https:\/\/holidayhomesmaridu.com\/wp-content\/uploads\/2025\/08\/tinycube-0047-768x480.jpg 768w, https:\/\/holidayhomesmaridu.com\/wp-content\/uploads\/2025\/08\/tinycube-0047-18x12.jpg 18w, https:\/\/holidayhomesmaridu.com\/wp-content\/uploads\/2025\/08\/tinycube-0047.jpg 1280w\" sizes=\"auto, (max-width: 300px) 100vw, 300px\" itemprop=\"image\" style=\"aspect-ratio: 16\/9;\" title=\"Chata pobl\u00ed\u017e Arnhemu pro klidn\u00fd pobyt v bl\u00edzkosti m\u011bsta a p\u0159\u00edrody\"><\/a><\/div><div class=\"flexy-item\"><a class=\"ct-media-container\" data-width=\"1712\" data-height=\"1280\" href=\"https:\/\/holidayhomesmaridu.com\/cs\/properties\/ayla\/\"><img loading=\"lazy\" decoding=\"async\" width=\"300\" height=\"224\" src=\"https:\/\/holidayhomesmaridu.com\/wp-content\/uploads\/2025\/07\/maridu-ayla-0001-300x224.jpg\" class=\"attachment-medium size-medium\" alt=\"B\u00edl\u00e1 chata s venkovn\u00edm posezen\u00edm\" srcset=\"https:\/\/holidayhomesmaridu.com\/wp-content\/uploads\/2025\/07\/maridu-ayla-0001-300x224.jpg 300w, https:\/\/holidayhomesmaridu.com\/wp-content\/uploads\/2025\/07\/maridu-ayla-0001-1024x766.jpg 1024w, https:\/\/holidayhomesmaridu.com\/wp-content\/uploads\/2025\/07\/maridu-ayla-0001-768x574.jpg 768w, https:\/\/holidayhomesmaridu.com\/wp-content\/uploads\/2025\/07\/maridu-ayla-0001-1536x1148.jpg 1536w, https:\/\/holidayhomesmaridu.com\/wp-content\/uploads\/2025\/07\/maridu-ayla-0001.jpg 1712w\" sizes=\"auto, (max-width: 300px) 100vw, 300px\" itemprop=\"image\" style=\"aspect-ratio: 16\/9;\" title=\"Chata pobl\u00ed\u017e Arnhemu pro klidn\u00fd pobyt v bl\u00edzkosti m\u011bsta a p\u0159\u00edrody\"><\/a><\/div><div class=\"flexy-item\"><a class=\"ct-media-container\" data-width=\"600\" data-height=\"400\" href=\"https:\/\/holidayhomesmaridu.com\/cs\/properties\/family-l-cube\/\"><img loading=\"lazy\" decoding=\"async\" width=\"300\" height=\"200\" src=\"https:\/\/holidayhomesmaridu.com\/wp-content\/uploads\/2025\/07\/maridu-l-cube-00002-300x200.jpg\" class=\"attachment-medium size-medium\" alt=\"Modern\u00ed d\u016fm s tr\u00e1vn\u00edkem.\" srcset=\"https:\/\/holidayhomesmaridu.com\/wp-content\/uploads\/2025\/07\/maridu-l-cube-00002-300x200.jpg 300w, https:\/\/holidayhomesmaridu.com\/wp-content\/uploads\/2025\/07\/maridu-l-cube-00002.jpg 600w\" sizes=\"auto, (max-width: 300px) 100vw, 300px\" itemprop=\"image\" style=\"aspect-ratio: 16\/9;\" title=\"Chata pobl\u00ed\u017e Arnhemu pro klidn\u00fd pobyt v bl\u00edzkosti m\u011bsta a p\u0159\u00edrody\"><\/a><\/div><div class=\"flexy-item\"><a class=\"ct-media-container\" data-width=\"1920\" data-height=\"1200\" href=\"https:\/\/holidayhomesmaridu.com\/cs\/properties\/wellness\/\"><img loading=\"lazy\" decoding=\"async\" width=\"300\" height=\"188\" src=\"https:\/\/holidayhomesmaridu.com\/wp-content\/uploads\/2025\/07\/maridu-wellness-0001-300x188.jpg\" class=\"attachment-medium size-medium\" alt=\"\u00fatuln\u00e1 d\u0159ev\u011bn\u00e1 chata v p\u0159\u00edrod\u011b\" srcset=\"https:\/\/holidayhomesmaridu.com\/wp-content\/uploads\/2025\/07\/maridu-wellness-0001-300x188.jpg 300w, https:\/\/holidayhomesmaridu.com\/wp-content\/uploads\/2025\/07\/maridu-wellness-0001-1024x640.jpg 1024w, https:\/\/holidayhomesmaridu.com\/wp-content\/uploads\/2025\/07\/maridu-wellness-0001-768x480.jpg 768w, https:\/\/holidayhomesmaridu.com\/wp-content\/uploads\/2025\/07\/maridu-wellness-0001-1536x960.jpg 1536w, https:\/\/holidayhomesmaridu.com\/wp-content\/uploads\/2025\/07\/maridu-wellness-0001.jpg 1920w\" sizes=\"auto, (max-width: 300px) 100vw, 300px\" itemprop=\"image\" style=\"aspect-ratio: 16\/9;\" title=\"Chata pobl\u00ed\u017e Arnhemu pro klidn\u00fd pobyt v bl\u00edzkosti m\u011bsta a p\u0159\u00edrody\"><\/a><\/div>\t\t\t\t<\/div>\n\t\t\t<\/div>\n\n\t\t\t\t\t\t\t<span class=\"flexy-arrow-prev\">\n\t\t\t\t\t<svg width=\"16\" height=\"10\" fill=\"currentColor\" viewbox=\"0 0 16 10\"><path d=\"M15.3 4.3h-13l2.8-3c.3-.3.3-.7 0-1-.3-.3-.6-.3-.9 0l-4 4.2-.2.2v.6c0 .1.1.2.2.2l4 4.2c.3.4.6.4.9 0 .3-.3.3-.7 0-1l-2.8-3h13c.2 0 .4-.1.5-.2s.2-.3.2-.5-.1-.4-.2-.5c-.1-.1-.3-.2-.5-.2z\"><\/path><\/svg>\t\t\t\t<\/span>\n\n\t\t\t\t<span class=\"flexy-arrow-next\">\n\t\t\t\t\t<svg width=\"16\" height=\"10\" fill=\"currentColor\" viewbox=\"0 0 16 10\"><path d=\"M.2 4.5c-.1.1-.2.3-.2.5s.1.4.2.5c.1.1.3.2.5.2h13l-2.8 3c-.3.3-.3.7 0 1 .3.3.6.3.9 0l4-4.2.2-.2V5v-.3c0-.1-.1-.2-.2-.2l-4-4.2c-.3-.4-.6-.4-.9 0-.3.3-.3.7 0 1l2.8 3H.7c-.2 0-.4.1-.5.2z\"><\/path><\/svg>\t\t\t\t<\/span>\n\t\t\t\t\t<\/div>\n\n\t\t<div class=\"flexy-pills\" data-type=\"circle\"><ol data-flexy=\"no:paused\"><li aria-label=\"Slide 1\" class=\"active\"><\/li><li aria-label=\"Slide 2\"><\/li><li aria-label=\"Slide 3\"><\/li><li aria-label=\"Slide 4\"><\/li><\/ol><\/div>\t<\/div>\n\t\n\n\n\n<div class=\"wp-block-columns is-layout-flex wp-container-core-columns-is-layout-28f84493 wp-block-columns-is-layout-flex\">\n<div class=\"wp-block-column is-layout-flow wp-block-column-is-layout-flow\">\n<h2 class=\"wp-block-heading\"><strong>Pro\u010d si m\u00edsto pobytu ve m\u011bst\u011b vybrat chatu?<\/strong><\/h2>\n\n\n\n<p>Pro mnoho host\u016f je v\u00fdhoda jednoduch\u00e1. Chata v\u00e1m poskytne v\u00edce prostoru, soukrom\u00ed a klidn\u011bj\u0161\u00ed m\u00edsto, kam se m\u016f\u017eete na konci dne vr\u00e1tit.<\/p>\n\n\n\n<p>St\u00e1le si m\u016f\u017eete u\u017e\u00edvat v\u0161eho, co Arnhem nab\u00edz\u00ed, ale v\u00e1\u0161 pobyt nen\u00ed tak usp\u011bchan\u00fd a nen\u00ed tolik sv\u00e1zan\u00fd s m\u011bstem samotn\u00fdm. D\u00edky tomu m\u016f\u017ee b\u00fdt cel\u00fd v\u00fdlet klidn\u011bj\u0161\u00ed a osobn\u011bj\u0161\u00ed.<\/p>\n\n\n\n<p>Pro hosty, kte\u0159\u00ed cht\u011bj\u00ed m\u00edt pohodl\u00ed Arnhemu, ani\u017e by spali uprost\u0159ed m\u011bsta, je to dobr\u00e1 volba.<\/p>\n<\/div>\n<\/div>\n\n\n\n<div class=\"wp-block-columns is-layout-flex wp-container-core-columns-is-layout-28f84493 wp-block-columns-is-layout-flex\">\n<div class=\"wp-block-column is-layout-flow wp-block-column-is-layout-flow\">\n<h2 class=\"wp-block-heading\"><strong>\u010casto kladen\u00e9 dotazy (Frequently Asked Questions)<\/strong>)<\/h2>\n\n\n\n<div data-wp-context=\"{ &quot;autoclose&quot;: false, &quot;accordionItems&quot;: [] }\" data-wp-interactive=\"core\/accordion\" role=\"group\" class=\"wp-block-accordion is-layout-flow wp-block-accordion-is-layout-flow\">\n<div data-wp-class--is-open=\"state.isOpen\" data-wp-context=\"{ &quot;id&quot;: &quot;accordion-item-1&quot;, &quot;openByDefault&quot;: false }\" data-wp-init=\"callbacks.initAccordionItems\" data-wp-on-window--hashchange=\"callbacks.hashChange\" class=\"wp-block-accordion-item is-layout-flow wp-block-accordion-item-is-layout-flow\">\n<h3 class=\"wp-block-accordion-heading\"><button aria-expanded=\"false\" aria-controls=\"accordion-item-1-panel\" data-wp-bind--aria-expanded=\"state.isOpen\" data-wp-on--click=\"actions.toggle\" data-wp-on--keydown=\"actions.handleKeyDown\" id=\"accordion-item-1\" type=\"button\" class=\"wp-block-accordion-heading__toggle\"><span class=\"wp-block-accordion-heading__toggle-title\"><strong><strong><strong>Je lep\u0161\u00ed z\u016fstat v Arnhemu nebo v jeho okol\u00ed?<\/strong><\/strong><\/strong><\/span><span class=\"wp-block-accordion-heading__toggle-icon\" aria-hidden=\"true\">+<\/span><\/button><\/h3>\n\n\n\n<div inert aria-labelledby=\"accordion-item-1\" data-wp-bind--inert=\"!state.isOpen\" id=\"accordion-item-1-panel\" role=\"region\" class=\"wp-block-accordion-panel is-layout-flow wp-block-accordion-panel-is-layout-flow\">\n<p>To z\u00e1le\u017e\u00ed na druhu cesty, kterou chcete podniknout. Pobyt v Arnhemu m\u016f\u017ee b\u00fdt vhodn\u00fd pro n\u00e1v\u0161t\u011bvu m\u011bsta, zat\u00edmco pobyt v okol\u00ed v\u00e1m \u010dasto poskytne v\u00edce klidu, prostoru a soukrom\u00ed, p\u0159i\u010dem\u017e m\u011bsto je st\u00e1le na dosah.<\/p>\n<\/div>\n<\/div>\n\n\n\n<div data-wp-class--is-open=\"state.isOpen\" data-wp-context=\"{ &quot;id&quot;: &quot;accordion-item-2&quot;, &quot;openByDefault&quot;: false }\" data-wp-init=\"callbacks.initAccordionItems\" data-wp-on-window--hashchange=\"callbacks.hashChange\" class=\"wp-block-accordion-item is-layout-flow wp-block-accordion-item-is-layout-flow\">\n<h3 class=\"wp-block-accordion-heading\"><button aria-expanded=\"false\" aria-controls=\"accordion-item-2-panel\" data-wp-bind--aria-expanded=\"state.isOpen\" data-wp-on--click=\"actions.toggle\" data-wp-on--keydown=\"actions.handleKeyDown\" id=\"accordion-item-2\" type=\"button\" class=\"wp-block-accordion-heading__toggle\"><span class=\"wp-block-accordion-heading__toggle-title\"><strong><strong><strong>Je chata u Arnhemu vhodn\u00e1 pro p\u00e1ry?<\/strong><\/strong><\/strong><\/span><span class=\"wp-block-accordion-heading__toggle-icon\" aria-hidden=\"true\">+<\/span><\/button><\/h3>\n\n\n\n<div inert aria-labelledby=\"accordion-item-2\" data-wp-bind--inert=\"!state.isOpen\" id=\"accordion-item-2-panel\" role=\"region\" class=\"wp-block-accordion-panel is-layout-flow wp-block-accordion-panel-is-layout-flow\">\n<p>Ano, tento typ pobytu je atraktivn\u00ed zejm\u00e9na pro p\u00e1ry, kter\u00e9 cht\u011bj\u00ed str\u00e1vit klidnou a pohodlnou dovolenou s p\u0159\u00edstupem do m\u011bsta i bl\u00edzk\u00e9 p\u0159\u00edrody.<\/p>\n<\/div>\n<\/div>\n\n\n\n<div data-wp-class--is-open=\"state.isOpen\" data-wp-context=\"{ &quot;id&quot;: &quot;accordion-item-3&quot;, &quot;openByDefault&quot;: false }\" data-wp-init=\"callbacks.initAccordionItems\" data-wp-on-window--hashchange=\"callbacks.hashChange\" class=\"wp-block-accordion-item is-layout-flow wp-block-accordion-item-is-layout-flow\">\n<h3 class=\"wp-block-accordion-heading\"><button aria-expanded=\"false\" aria-controls=\"accordion-item-3-panel\" data-wp-bind--aria-expanded=\"state.isOpen\" data-wp-on--click=\"actions.toggle\" data-wp-on--keydown=\"actions.handleKeyDown\" id=\"accordion-item-3\" type=\"button\" class=\"wp-block-accordion-heading__toggle\"><span class=\"wp-block-accordion-heading__toggle-title\"><strong><strong><strong><strong>Mohu se ubytovat pobl\u00ed\u017e Arnhemu a p\u0159itom si prohl\u00e9dnout Veluwe?<\/strong><\/strong><\/strong><\/strong><\/span><span class=\"wp-block-accordion-heading__toggle-icon\" aria-hidden=\"true\">+<\/span><\/button><\/h3>\n\n\n\n<div inert aria-labelledby=\"accordion-item-3\" data-wp-bind--inert=\"!state.isOpen\" id=\"accordion-item-3-panel\" role=\"region\" class=\"wp-block-accordion-panel is-layout-flow wp-block-accordion-panel-is-layout-flow\">\n<p>Ano. Pobyt v bl\u00edzkosti Arnhemu je vhodn\u00fd pro hosty, kte\u0159\u00ed cht\u011bj\u00ed spojit n\u00e1v\u0161t\u011bvu m\u011bsta s pobytem v okoln\u00ed p\u0159\u00edrod\u011b.<\/p>\n<\/div>\n<\/div>\n\n\n\n<div data-wp-class--is-open=\"state.isOpen\" data-wp-context=\"{ &quot;id&quot;: &quot;accordion-item-4&quot;, &quot;openByDefault&quot;: false }\" data-wp-init=\"callbacks.initAccordionItems\" data-wp-on-window--hashchange=\"callbacks.hashChange\" class=\"wp-block-accordion-item is-layout-flow wp-block-accordion-item-is-layout-flow\">\n<h3 class=\"wp-block-accordion-heading\"><button aria-expanded=\"false\" aria-controls=\"accordion-item-4-panel\" data-wp-bind--aria-expanded=\"state.isOpen\" data-wp-on--click=\"actions.toggle\" data-wp-on--keydown=\"actions.handleKeyDown\" id=\"accordion-item-4\" type=\"button\" class=\"wp-block-accordion-heading__toggle\"><span class=\"wp-block-accordion-heading__toggle-title\"><strong><strong><strong><strong><strong>Jak\u00fd je rozd\u00edl mezi chatou a rekrea\u010dn\u00edm domem u Arnhemu?<\/strong><\/strong><\/strong><\/strong><\/strong><\/span><span class=\"wp-block-accordion-heading__toggle-icon\" aria-hidden=\"true\">+<\/span><\/button><\/h3>\n\n\n\n<div inert aria-labelledby=\"accordion-item-4\" data-wp-bind--inert=\"!state.isOpen\" id=\"accordion-item-4-panel\" role=\"region\" class=\"wp-block-accordion-panel is-layout-flow wp-block-accordion-panel-is-layout-flow\">\n<p>Chata \u010dasto p\u016fsob\u00ed tepleji a atmosf\u00e9ri\u010dt\u011bji, zat\u00edmco rekrea\u010dn\u00ed d\u016fm je \u0161ir\u0161\u00ed pojem. V praxi mohou oba typy vyhovovat host\u016fm, kte\u0159\u00ed hledaj\u00ed pohodl\u00ed a klidn\u011bj\u0161\u00ed pobyt v bl\u00edzkosti m\u011bsta.<\/p>\n<\/div>\n<\/div>\n\n\n\n<div data-wp-class--is-open=\"state.isOpen\" data-wp-context=\"{ &quot;id&quot;: &quot;accordion-item-5&quot;, &quot;openByDefault&quot;: false }\" data-wp-init=\"callbacks.initAccordionItems\" data-wp-on-window--hashchange=\"callbacks.hashChange\" class=\"wp-block-accordion-item is-layout-flow wp-block-accordion-item-is-layout-flow\">\n<h3 class=\"wp-block-accordion-heading\"><button aria-expanded=\"false\" aria-controls=\"accordion-item-5-panel\" data-wp-bind--aria-expanded=\"state.isOpen\" data-wp-on--click=\"actions.toggle\" data-wp-on--keydown=\"actions.handleKeyDown\" id=\"accordion-item-5\" type=\"button\" class=\"wp-block-accordion-heading__toggle\"><span class=\"wp-block-accordion-heading__toggle-title\"><strong><strong><strong><strong><strong><strong>Je to dobr\u00e1 volba pro v\u00edkendov\u00fd pobyt?<\/strong><\/strong><\/strong><\/strong><\/strong><\/strong><\/span><span class=\"wp-block-accordion-heading__toggle-icon\" aria-hidden=\"true\">+<\/span><\/button><\/h3>\n\n\n\n<div inert aria-labelledby=\"accordion-item-5\" data-wp-bind--inert=\"!state.isOpen\" id=\"accordion-item-5-panel\" role=\"region\" class=\"wp-block-accordion-panel is-layout-flow wp-block-accordion-panel-is-layout-flow\">\n<p>Ano, oblast pobl\u00ed\u017e Arnhemu je velmi vhodn\u00e1 pro v\u00edkendov\u00e9 pobyty, proto\u017ee kombinuje dostupnost, rozmanitost a klidn\u011bj\u0161\u00ed tempo.<\/p>\n<\/div>\n<\/div>\n\n\n\n<div data-wp-class--is-open=\"state.isOpen\" data-wp-context=\"{ &quot;id&quot;: &quot;accordion-item-6&quot;, &quot;openByDefault&quot;: false }\" data-wp-init=\"callbacks.initAccordionItems\" data-wp-on-window--hashchange=\"callbacks.hashChange\" class=\"wp-block-accordion-item is-layout-flow wp-block-accordion-item-is-layout-flow\">\n<h3 class=\"wp-block-accordion-heading\"><button aria-expanded=\"false\" aria-controls=\"accordion-item-6-panel\" data-wp-bind--aria-expanded=\"state.isOpen\" data-wp-on--click=\"actions.toggle\" data-wp-on--keydown=\"actions.handleKeyDown\" id=\"accordion-item-6\" type=\"button\" class=\"wp-block-accordion-heading__toggle\"><span class=\"wp-block-accordion-heading__toggle-title\"><strong><strong><strong><strong><strong><strong><strong>Jac\u00ed host\u00e9 si obvykle vyb\u00edraj\u00ed tento pobyt?<\/strong><\/strong><\/strong><\/strong><\/strong><\/strong><\/strong><\/span><span class=\"wp-block-accordion-heading__toggle-icon\" aria-hidden=\"true\">+<\/span><\/button><\/h3>\n\n\n\n<div inert aria-labelledby=\"accordion-item-6\" data-wp-bind--inert=\"!state.isOpen\" id=\"accordion-item-6-panel\" role=\"region\" class=\"wp-block-accordion-panel is-layout-flow wp-block-accordion-panel-is-layout-flow\">\n<p>Tento typ pobytu \u010dasto oslovuje p\u00e1ry, v\u00edkendov\u00e9 cestovatele a hosty, kte\u0159\u00ed cht\u011bj\u00ed osobn\u011bj\u0161\u00ed alternativu k m\u011bstsk\u00e9mu hotelu.<\/p>\n<\/div>\n<\/div>\n<\/div>\n<\/div>\n<\/div>\n\n\n\n<div class=\"wp-block-columns is-layout-flex wp-container-core-columns-is-layout-28f84493 wp-block-columns-is-layout-flex\">\n<div class=\"wp-block-column is-layout-flow wp-block-column-is-layout-flow\">\n<h2 class=\"wp-block-heading\"><strong>Napl\u00e1nujte si pobyt pobl\u00ed\u017e Arnhemu<\/strong><\/h2>\n\n\n\n<p>Pokud hled\u00e1te chatu u Arnhemu, klidn\u00fd pr\u00e1zdninov\u00fd d\u016fm v bl\u00edzkosti p\u0159\u00edrody nebo pohodln\u00fd pobyt se snadnou dostupnost\u00ed do m\u011bsta, tato oblast nab\u00edz\u00ed silnou rovnov\u00e1hu mezi klidem, komfortem a pohodl\u00edm.<\/p>\n\n\n\n<p>Prozkoumejte dostupn\u00e9 domy, porovnejte mo\u017enosti a vyberte si pobyt, kter\u00fd odpov\u00edd\u00e1 va\u0161im p\u0159edstav\u00e1m.<\/p>\n\n\n\n<p><a href=\"https:\/\/holidayhomesmaridu.com\/cs\/nase-rekreacni-domy\/\" data-type=\"page\" data-id=\"22\">Zkontrolujte dostupnost. Prozkoumejte domy. Objevte region. Napl\u00e1nujte si pobyt.<\/a><\/p>\n<\/div>\n<\/div>","protected":false},"featured_media":0,"menu_order":0,"template":"","class_list":["post-1840","landingpage","type-landingpage","status-publish","hentry"],"blocksy_meta":[],"_links":{"self":[{"href":"https:\/\/holidayhomesmaridu.com\/cs\/wp-json\/wp\/v2\/landingpage\/1840","targetHints":{"allow":["GET"]}}],"collection":[{"href":"https:\/\/holidayhomesmaridu.com\/cs\/wp-json\/wp\/v2\/landingpage"}],"about":[{"href":"https:\/\/holidayhomesmaridu.com\/cs\/wp-json\/wp\/v2\/types\/landingpage"}],"wp:attachment":[{"href":"https:\/\/holidayhomesmaridu.com\/cs\/wp-json\/wp\/v2\/media?parent=1840"}],"curies":[{"name":"wp","href":"https:\/\/api.w.org\/{rel}","templated":true}]}}