{"id":1852,"date":"2026-02-17T09:00:25","date_gmt":"2026-02-17T08:00:25","guid":{"rendered":"https:\/\/holidayhomesmaridu.com\/?post_type=landingpage&#038;p=1852"},"modified":"2026-03-06T23:09:51","modified_gmt":"2026-03-06T22:09:51","slug":"vikendovy-pobyt-blizko-arnhemu","status":"publish","type":"landingpage","link":"https:\/\/holidayhomesmaridu.com\/cs\/lp\/weekend-break-near-arnhem\/","title":{"rendered":"V\u00edkendov\u00fd pobyt v bl\u00edzkosti Arnhemu pro relaxa\u010dn\u00ed pobyt v bl\u00edzkosti p\u0159\u00edrody"},"content":{"rendered":"<h2 class=\"wp-block-heading\"><strong>V\u00edkendov\u00fd pobyt pobl\u00ed\u017e Arnhemu<\/strong><\/h2>\n\n\n\n<p>Hled\u00e1te v\u00edkendov\u00fd pobyt pobl\u00ed\u017e Arnhemu, kde si m\u016f\u017eete u\u017e\u00edt klid, pohodl\u00ed a zm\u011bnu tempa? Maridu nab\u00edz\u00ed pobyty navr\u017een\u00e9 pro hosty, kte\u0159\u00ed cht\u011bj\u00ed uniknout od rutiny, p\u0159i\u010dem\u017e maj\u00ed m\u011bsto, p\u0159\u00edrodu a m\u00edstn\u00ed z\u00e1\u017eitky na dosah. A\u0165 u\u017e pl\u00e1nujete romantick\u00fd v\u00edkend, klidn\u00fd kr\u00e1tk\u00fd pobyt nebo p\u00e1r dn\u00ed na dobit\u00ed energie, tato oblast nab\u00edz\u00ed vyv\u00e1\u017een\u00e9 a p\u0159\u00edv\u011btiv\u00e9 prost\u0159ed\u00ed.<\/p>\n\n\n\n<p>V\u00edkendov\u00fd pobyt pobl\u00ed\u017e Arnhemu v\u00e1m d\u00e1v\u00e1 svobodu u\u017e\u00edt si jak pohodl\u00ed, tak klid. M\u016f\u017eete tr\u00e1vit \u010das ve m\u011bst\u011b, prozkoum\u00e1vat okoln\u00ed region a vracet se na m\u00edsto, kter\u00e9 p\u016fsob\u00ed klidn\u011bji a osobn\u011bji. Pokud hled\u00e1te v\u00edkendov\u00fd pobyt pobl\u00ed\u017e Arnhemu, \u00fatulnou chatu na kr\u00e1tk\u00fd pobyt nebo pr\u00e1zdninov\u00fd d\u016fm bl\u00edzko p\u0159\u00edrody i kultury, tato oblast je skv\u011blou volbou.<\/p>\n\n\n\n<h2 class=\"wp-block-heading\"><strong>Pro\u010d si vybrat v\u00edkendov\u00fd pobyt pobl\u00ed\u017e Arnhemu?<\/strong><\/h2>\n\n\n\n<p>Arnhem je l\u00e1kavou destinac\u00ed pro kr\u00e1tk\u00fd v\u00fdlet, proto\u017ee nab\u00edz\u00ed rozmanitost, ani\u017e by p\u016fsobil p\u0159ehnan\u011b. M\u016f\u017eete zkombinovat restaurace, terasy, obchody a kulturn\u00ed vy\u017eit\u00ed se zelen\u011bj\u0161\u00edm okol\u00edm a uvoln\u011bn\u011bj\u0161\u00edm m\u00edstem k pobytu.<\/p>\n\n\n\n<p>A pr\u00e1v\u011b to d\u011bl\u00e1 v\u00edkendov\u00fd pobyt pobl\u00ed\u017e Arnhemu tak atraktivn\u00edm. Nepot\u0159ebujete dlouhou dovolenou, abyste se c\u00edtili daleko od ka\u017edodenn\u00edho \u017eivota. Kr\u00e1tk\u00fd pobyt ve spr\u00e1vn\u00e9m prost\u0159ed\u00ed u\u017e m\u016f\u017ee p\u0159in\u00e9st v\u00edce odpo\u010dinku, v\u00edce kvalitn\u00edho \u010dasu a v\u00edce prostoru pro vychutn\u00e1n\u00ed si okam\u017eiku.<\/p>\n\n\n\n<p>V\u00edkendov\u00fd pobyt zde se obzvl\u00e1\u0161t\u011b vyplat\u00ed, pokud chcete:<\/p>\n\n\n\n<ul class=\"wp-block-list\">\n<li>kr\u00e1tk\u00e1 p\u0159est\u00e1vka, kter\u00e1 p\u016fsob\u00ed snadno a smyslupln\u011b<\/li>\n\n\n\n<li>klidn\u011bj\u0161\u00ed m\u00edsto k pobytu ne\u017e centrum m\u011bsta<\/li>\n\n\n\n<li>p\u0159\u00edstup k p\u0159\u00edrod\u011b i m\u00edstn\u00edm pam\u011btihodnostem<\/li>\n\n\n\n<li>pohodln\u00e9 prost\u0159ed\u00ed pro romantick\u00fd nebo relaxa\u010dn\u00ed v\u00edkend<\/li>\n\n\n\n<li>flexibiln\u00ed z\u00e1klad pro pomalej\u0161\u00ed tempo<\/li>\n<\/ul>\n\n\n\n<p>Pro mnoho host\u016f je pobyt pobl\u00ed\u017e Arnhemu p\u0159\u00edjemn\u011bj\u0161\u00edm v\u00edkendov\u00fdm z\u00e1\u017eitkem ne\u017e nocov\u00e1n\u00ed ve m\u011bst\u011b samotn\u00e9m.<\/p>\n\n\n\n<h2 class=\"wp-block-heading\"><strong>Kr\u00e1tk\u00fd pobyt se spr\u00e1vn\u00fdm vyv\u00e1\u017een\u00edm<\/strong><\/h2>\n\n\n\n<p>\u00dasp\u011b\u0161n\u00fd v\u00edkendov\u00fd pobyt \u010dasto nez\u00e1vis\u00ed ani tak na vzd\u00e1lenosti, jako sp\u00ed\u0161e na atmosf\u00e9\u0159e. Tato oblast funguje dob\u0159e, proto\u017ee nab\u00edz\u00ed dostatek mo\u017enost\u00ed, jak se zabavit, a p\u0159itom si st\u00e1le udr\u017euje pocit, \u017ee jste se odpoutali od v\u0161edn\u00edho dne.<\/p>\n\n\n\n<p>\u010c\u00e1st dne m\u016f\u017eete str\u00e1vit v Arnhemu a zbytek v klidn\u011bj\u0161\u00edm prost\u0159ed\u00ed pobl\u00ed\u017e. To vytv\u00e1\u0159\u00ed p\u0159irozen\u00fd rytmus pro kr\u00e1tk\u00fd odpo\u010dinek. Nic nemus\u00ed p\u016fsobit usp\u011bchan\u011b a nemus\u00edte se dr\u017eet nabit\u00e9ho programu, abyste si v\u00edkend u\u017eili naplno.<\/p>\n\n\n\n<p>Pro hosty, kte\u0159\u00ed hledaj\u00ed pohodl\u00ed, flexibilitu a uvoln\u011bn\u011bj\u0161\u00ed tempo, je toto skv\u011bl\u00e1 lokalita pro v\u00edkendov\u00fd pobyt.<\/p>\n\n\n\n<h2 class=\"wp-block-heading\"><strong>Pro koho je tento pobyt ur\u010den<\/strong><\/h2>\n\n\n\n<h3 class=\"wp-block-heading\"><strong>P\u00e1ry hledaj\u00edc\u00ed v\u00edkendov\u00fd pobyt<\/strong><\/h3>\n\n\n\n<p>V\u00edkendov\u00fd pobyt pobl\u00ed\u017e Arnhemu je obzvl\u00e1\u0161t\u011b l\u00e1kav\u00fd pro p\u00e1ry, kter\u00e9 cht\u011bj\u00ed str\u00e1vit \u010das spolu bez tlaku dlouh\u00e9ho cestov\u00e1n\u00ed nebo slo\u017eit\u00e9ho pl\u00e1nov\u00e1n\u00ed. Kombinace pohodl\u00ed, soukrom\u00ed a bl\u00edzk\u00fdch aktivit jej \u010din\u00ed ide\u00e1ln\u00edm pro kr\u00e1tk\u00fd romantick\u00fd pobyt.<\/p>\n\n\n\n<h3 class=\"wp-block-heading\"><strong>Host\u00e9 hledaj\u00edc\u00ed dobit\u00ed<\/strong><\/h3>\n\n\n\n<p>N\u011bkter\u00e9 v\u00edkendy jsou o tom, \u017ee mus\u00edte ud\u011blat v\u00edc, zat\u00edmco jin\u00e9 jsou o tom, \u017ee ustoup\u00edte. Tato oblast je vhodn\u00e1 pro hosty, kte\u0159\u00ed si cht\u011bj\u00ed odpo\u010dinout, u\u017e\u00edt si klidn\u011bj\u0161\u00ed prost\u0159ed\u00ed a vr\u00e1tit se dom\u016f osv\u011b\u017eeni.<\/p>\n\n\n\n<h3 class=\"wp-block-heading\"><strong>Cestovatel\u00e9, kte\u0159\u00ed cht\u011bj\u00ed m\u011bsto i p\u0159\u00edrodu dohromady<\/strong><\/h3>\n\n\n\n<p>Pro hosty, kte\u0159\u00ed maj\u00ed r\u00e1di mo\u017enosti volby, je toto m\u00edsto vhodn\u00e9. M\u016f\u017eete si u\u017e\u00edt Arnhem b\u011bhem \u010d\u00e1sti v\u00edkendu a p\u0159esto str\u00e1vit \u010das v p\u0159\u00edjemn\u00e9m prost\u0159ed\u00ed s p\u0159\u00edrodou, m\u00edstn\u00edmi vesni\u010dkami nebo klidn\u00fdmi m\u00edsty k odpo\u010dinku.<\/p>\n\n\n\n<h3 class=\"wp-block-heading\"><strong>Host\u00e9 na kr\u00e1tk\u00fd pobyt, kte\u0159\u00ed si cen\u00ed pohodl\u00ed<\/strong><\/h3>\n\n\n\n<p>Pro v\u00edkendov\u00fd pobyt z\u00e1le\u017e\u00ed na ubytov\u00e1n\u00ed. Chata nebo rekrea\u010dn\u00ed d\u016fm \u010dasto nab\u00edz\u00ed v\u00edce soukrom\u00ed a osobn\u011bj\u0161\u00ed atmosf\u00e9ru ne\u017e standardn\u00ed hotelov\u00fd pokoj, co\u017e m\u016f\u017ee i kr\u00e1tk\u00fd odpo\u010dinek u\u010dinit v\u00fdjime\u010dn\u011bj\u0161\u00edm.<\/p>\n\n\n\n<h2 class=\"wp-block-heading\"><strong>Pro\u010d je v\u00edkendov\u00fd pobyt zde tak l\u00e1kav\u00fd?<\/strong><\/h2>\n\n\n\n<p>\u010c\u00e1st toho l\u00e1kadla spo\u010d\u00edv\u00e1 v tom, jak snadno si lze v\u00edkend p\u0159izp\u016fsobit vlastn\u00edm preferenc\u00edm. N\u011bkte\u0159\u00ed host\u00e9 cht\u011bj\u00ed romantick\u00fd a klidn\u00fd pobyt. Jin\u00ed cht\u011bj\u00ed v\u00edce pohybu, v\u010detn\u011b j\u00eddla, kultury a m\u00edstn\u00edch v\u00fdlet\u016f.<\/p>\n\n\n\n<p>V\u00edkendov\u00fd pobyt pobl\u00ed\u017e Arnhemu je \u010dasto l\u00e1kav\u00fd, proto\u017ee nab\u00edz\u00ed:<\/p>\n\n\n\n<ul class=\"wp-block-list\">\n<li>snadn\u00fd p\u0159\u00edstup do m\u011bsta<\/li>\n\n\n\n<li>klidn\u011bj\u0161\u00ed m\u00edsto k pobytu<\/li>\n\n\n\n<li>v\u00edce soukrom\u00ed a prostoru<\/li>\n\n\n\n<li>osobn\u011bj\u0161\u00ed atmosf\u00e9ra<\/li>\n\n\n\n<li>flexibilita pro r\u016fzn\u00e9 druhy kr\u00e1tk\u00fdch p\u0159est\u00e1vek<\/li>\n\n\n\n<li>rovnov\u00e1ha mezi aktivitou a odpo\u010dinkem<\/li>\n<\/ul>\n\n\n\n<p>Pro mnoho host\u016f je pr\u00e1v\u011b tato rovnov\u00e1ha t\u00edm, co d\u011bl\u00e1 v\u00edkendov\u00fd pobyt smyslupln\u00fdm.<\/p>\n\n\n\n<h2 class=\"wp-block-heading\"><strong>Lep\u0161\u00ed alternativa k pobytu v centru m\u011bsta<\/strong><\/h2>\n\n\n\n<p>Ne ka\u017ed\u00fd, kdo hled\u00e1 kr\u00e1tkodob\u00e9 ubytov\u00e1n\u00ed v bl\u00edzkosti Arnhemu, chce sp\u00e1t p\u0159\u00edmo ve m\u011bst\u011b. Mnoho host\u016f chce m\u00edt p\u0159\u00edstup do Arnhemu, ale z\u00e1rove\u0148 si u\u017e\u00edt v\u00edce klidu, pohodl\u00ed a uvoln\u011bn\u011bj\u0161\u00ed atmosf\u00e9ru.<\/p>\n\n\n\n<p>Tam se \u010dasto st\u00e1v\u00e1 pobyt v bl\u00edzkosti l\u00e1kav\u011bj\u0161\u00ed. St\u00e1le si u\u017e\u00edv\u00e1te v\u00fdhodnou polohu, ale v\u00e1\u0161 v\u00edkend p\u016fsob\u00ed m\u00e9n\u011b usp\u011bchan\u011b a m\u00e9n\u011b definovan\u00fd dopravou, davy lid\u00ed nebo m\u011bstsk\u00fdm hlukem.<\/p>\n\n\n\n<p>Pro hosty, kte\u0159\u00ed si cht\u011bj\u00ed ud\u011blat kr\u00e1tkou pauzu s dostatkem prostoru, se pobyt pobl\u00ed\u017e Arnhemu \u010dasto jev\u00ed jako lep\u0161\u00ed volba.<\/p>\n\n\n\n<h2 class=\"wp-block-heading\"><strong>Co d\u011blat b\u011bhem v\u00edkendov\u00e9ho pobytu pobl\u00ed\u017e Arnhemu<\/strong><\/h2>\n\n\n\n<p>Jednou ze siln\u00fdch str\u00e1nek t\u00e9to oblasti je, \u017ee v\u00e1m nab\u00edz\u00ed v\u00edce mo\u017enost\u00ed, jak str\u00e1vit kr\u00e1tk\u00fd pobyt.<\/p>\n\n\n\n<p>B\u011bhem va\u0161eho v\u00edkendu si m\u016f\u017eete u\u017e\u00edt:<\/p>\n\n\n\n<ul class=\"wp-block-list\">\n<li>ob\u011bd, ve\u010de\u0159e nebo terasy v Arnhemu<\/li>\n\n\n\n<li>nakupov\u00e1n\u00ed a kulturn\u00ed akce ve m\u011bst\u011b<\/li>\n\n\n\n<li>venkovn\u00ed aktivity v okoln\u00edm regionu<\/li>\n\n\n\n<li>klidn\u00e9 r\u00e1no v p\u0159\u00edjemn\u00e9m prost\u0159ed\u00ed<\/li>\n\n\n\n<li>m\u00edstn\u00ed vesnice a pomalej\u0161\u00ed jednodenn\u00ed v\u00fdlety v okol\u00ed<\/li>\n\n\n\n<li>ve\u010der, kter\u00fd p\u016fsob\u00ed sp\u00ed\u0161e odpo\u010dinkov\u011b ne\u017e usp\u011bchan\u011b<\/li>\n<\/ul>\n\n\n\n<p>Tato sm\u011bs \u010din\u00ed oblast atraktivn\u00ed pro r\u016fzn\u00e9 typy host\u016f. N\u011bkte\u0159\u00ed cht\u011bj\u00ed prozkoum\u00e1vat. Jin\u00ed cht\u011bj\u00ed hlavn\u011b relaxovat. V\u00edkendov\u00fd pobyt pobl\u00ed\u017e Arnhemu umo\u017e\u0148uje prostor pro oboj\u00ed.<\/p>\n\n\n\n<h2 class=\"wp-block-heading\"><strong>Pr\u00e1zdninov\u00fd d\u016fm, chata nebo kr\u00e1tkodob\u00fd pron\u00e1jem pobl\u00ed\u017e Arnhemu<\/strong><\/h2>\n\n\n\n<p>R\u016fzn\u00ed host\u00e9 pou\u017e\u00edvaj\u00ed r\u016fzn\u00e1 slova p\u0159i hled\u00e1n\u00ed v\u00edkendov\u00e9ho pobytu. N\u011bkte\u0159\u00ed budou hledat \u201ev\u00edkendov\u00fd pobyt bl\u00edzko Arnhemu\u201c, jin\u00ed mo\u017en\u00e1 \u201echata u Arnhemu\u201c, \u201erekrea\u010dn\u00ed d\u016fm na v\u00edkend\u201c nebo \u201eklidn\u00fd kr\u00e1tk\u00fd pobyt bl\u00edzko m\u011bsta\u201c.<\/p>\n\n\n\n<p>Doslovn\u00e9 zn\u011bn\u00ed se m\u016f\u017ee li\u0161it, ale pot\u0159eba je \u010dasto podobn\u00e1: pohodln\u00e9 m\u00edsto pro kr\u00e1tk\u00fd \u00fanik s tou spr\u00e1vnou rovnov\u00e1hou mezi pohodl\u00edm a klidem.<\/p>\n\n\n\n<p>Pro mnoho host\u016f zn\u00ed \"cottage\" (chata\/chalupa) tepleji a osobn\u011bji. \"Holiday home\" (pr\u00e1zdninov\u00fd d\u016fm) je obecn\u011bj\u0161\u00ed a prakti\u010dt\u011bj\u0161\u00ed. \"Weekend break\" (v\u00edkendov\u00fd pobyt) popisuje \u00fa\u010del cesty p\u0159\u00edmo\u010da\u0159eji. Nejd\u016fle\u017eit\u011bj\u0161\u00ed je, aby pobyt odpov\u00eddal typu v\u00edkendu, kter\u00fd lid\u00e9 cht\u011bj\u00ed za\u017e\u00edt.<\/p>\n\n\n\n\t<div\n\t\tclass=\"flexy-container ct-posts-shortcode\"\n\t\tdata-flexy=\"no\">\n\t\t<div class=\"flexy\">\n\t\t\t<div class=\"flexy-view\" data-flexy-view=\"boxed\">\n\t\t\t\t<div\n\t\t\t\t\tclass=\"flexy-items\">\n\t\t\t\t\t<div class=\"flexy-item\"><a class=\"ct-media-container\" data-width=\"1280\" data-height=\"800\" href=\"https:\/\/holidayhomesmaridu.com\/cs\/properties\/tiny-cube\/\"><img loading=\"lazy\" decoding=\"async\" width=\"300\" height=\"188\" src=\"https:\/\/holidayhomesmaridu.com\/wp-content\/uploads\/2025\/08\/tinycube-0047-300x188.jpg\" class=\"attachment-medium size-medium\" alt=\"Modern\u00ed chata v lese\" srcset=\"https:\/\/holidayhomesmaridu.com\/wp-content\/uploads\/2025\/08\/tinycube-0047-300x188.jpg 300w, https:\/\/holidayhomesmaridu.com\/wp-content\/uploads\/2025\/08\/tinycube-0047-1024x640.jpg 1024w, https:\/\/holidayhomesmaridu.com\/wp-content\/uploads\/2025\/08\/tinycube-0047-768x480.jpg 768w, https:\/\/holidayhomesmaridu.com\/wp-content\/uploads\/2025\/08\/tinycube-0047-18x12.jpg 18w, https:\/\/holidayhomesmaridu.com\/wp-content\/uploads\/2025\/08\/tinycube-0047.jpg 1280w\" sizes=\"auto, (max-width: 300px) 100vw, 300px\" itemprop=\"image\" style=\"aspect-ratio: 16\/9;\" title=\"V\u00edkendov\u00fd pobyt v bl\u00edzkosti Arnhemu pro relaxa\u010dn\u00ed pobyt v bl\u00edzkosti p\u0159\u00edrody\"><\/a><\/div><div class=\"flexy-item\"><a class=\"ct-media-container\" data-width=\"1712\" data-height=\"1280\" href=\"https:\/\/holidayhomesmaridu.com\/cs\/properties\/ayla\/\"><img loading=\"lazy\" decoding=\"async\" width=\"300\" height=\"224\" src=\"https:\/\/holidayhomesmaridu.com\/wp-content\/uploads\/2025\/07\/maridu-ayla-0001-300x224.jpg\" class=\"attachment-medium size-medium\" alt=\"B\u00edl\u00e1 chata s venkovn\u00edm posezen\u00edm\" srcset=\"https:\/\/holidayhomesmaridu.com\/wp-content\/uploads\/2025\/07\/maridu-ayla-0001-300x224.jpg 300w, https:\/\/holidayhomesmaridu.com\/wp-content\/uploads\/2025\/07\/maridu-ayla-0001-1024x766.jpg 1024w, https:\/\/holidayhomesmaridu.com\/wp-content\/uploads\/2025\/07\/maridu-ayla-0001-768x574.jpg 768w, https:\/\/holidayhomesmaridu.com\/wp-content\/uploads\/2025\/07\/maridu-ayla-0001-1536x1148.jpg 1536w, https:\/\/holidayhomesmaridu.com\/wp-content\/uploads\/2025\/07\/maridu-ayla-0001.jpg 1712w\" sizes=\"auto, (max-width: 300px) 100vw, 300px\" itemprop=\"image\" style=\"aspect-ratio: 16\/9;\" title=\"V\u00edkendov\u00fd pobyt v bl\u00edzkosti Arnhemu pro relaxa\u010dn\u00ed pobyt v bl\u00edzkosti p\u0159\u00edrody\"><\/a><\/div><div class=\"flexy-item\"><a class=\"ct-media-container\" data-width=\"600\" data-height=\"400\" href=\"https:\/\/holidayhomesmaridu.com\/cs\/properties\/family-l-cube\/\"><img loading=\"lazy\" decoding=\"async\" width=\"300\" height=\"200\" src=\"https:\/\/holidayhomesmaridu.com\/wp-content\/uploads\/2025\/07\/maridu-l-cube-00002-300x200.jpg\" class=\"attachment-medium size-medium\" alt=\"Modern\u00ed d\u016fm s tr\u00e1vn\u00edkem.\" srcset=\"https:\/\/holidayhomesmaridu.com\/wp-content\/uploads\/2025\/07\/maridu-l-cube-00002-300x200.jpg 300w, https:\/\/holidayhomesmaridu.com\/wp-content\/uploads\/2025\/07\/maridu-l-cube-00002.jpg 600w\" sizes=\"auto, (max-width: 300px) 100vw, 300px\" itemprop=\"image\" style=\"aspect-ratio: 16\/9;\" title=\"V\u00edkendov\u00fd pobyt v bl\u00edzkosti Arnhemu pro relaxa\u010dn\u00ed pobyt v bl\u00edzkosti p\u0159\u00edrody\"><\/a><\/div><div class=\"flexy-item\"><a class=\"ct-media-container\" data-width=\"1920\" data-height=\"1200\" href=\"https:\/\/holidayhomesmaridu.com\/cs\/properties\/wellness\/\"><img loading=\"lazy\" decoding=\"async\" width=\"300\" height=\"188\" src=\"https:\/\/holidayhomesmaridu.com\/wp-content\/uploads\/2025\/07\/maridu-wellness-0001-300x188.jpg\" class=\"attachment-medium size-medium\" alt=\"\u00fatuln\u00e1 d\u0159ev\u011bn\u00e1 chata v p\u0159\u00edrod\u011b\" srcset=\"https:\/\/holidayhomesmaridu.com\/wp-content\/uploads\/2025\/07\/maridu-wellness-0001-300x188.jpg 300w, https:\/\/holidayhomesmaridu.com\/wp-content\/uploads\/2025\/07\/maridu-wellness-0001-1024x640.jpg 1024w, https:\/\/holidayhomesmaridu.com\/wp-content\/uploads\/2025\/07\/maridu-wellness-0001-768x480.jpg 768w, https:\/\/holidayhomesmaridu.com\/wp-content\/uploads\/2025\/07\/maridu-wellness-0001-1536x960.jpg 1536w, https:\/\/holidayhomesmaridu.com\/wp-content\/uploads\/2025\/07\/maridu-wellness-0001.jpg 1920w\" sizes=\"auto, (max-width: 300px) 100vw, 300px\" itemprop=\"image\" style=\"aspect-ratio: 16\/9;\" title=\"V\u00edkendov\u00fd pobyt v bl\u00edzkosti Arnhemu pro relaxa\u010dn\u00ed pobyt v bl\u00edzkosti p\u0159\u00edrody\"><\/a><\/div>\t\t\t\t<\/div>\n\t\t\t<\/div>\n\n\t\t\t\t\t\t\t<span class=\"flexy-arrow-prev\">\n\t\t\t\t\t<svg width=\"16\" height=\"10\" fill=\"currentColor\" viewbox=\"0 0 16 10\"><path d=\"M15.3 4.3h-13l2.8-3c.3-.3.3-.7 0-1-.3-.3-.6-.3-.9 0l-4 4.2-.2.2v.6c0 .1.1.2.2.2l4 4.2c.3.4.6.4.9 0 .3-.3.3-.7 0-1l-2.8-3h13c.2 0 .4-.1.5-.2s.2-.3.2-.5-.1-.4-.2-.5c-.1-.1-.3-.2-.5-.2z\"><\/path><\/svg>\t\t\t\t<\/span>\n\n\t\t\t\t<span class=\"flexy-arrow-next\">\n\t\t\t\t\t<svg width=\"16\" height=\"10\" fill=\"currentColor\" viewbox=\"0 0 16 10\"><path d=\"M.2 4.5c-.1.1-.2.3-.2.5s.1.4.2.5c.1.1.3.2.5.2h13l-2.8 3c-.3.3-.3.7 0 1 .3.3.6.3.9 0l4-4.2.2-.2V5v-.3c0-.1-.1-.2-.2-.2l-4-4.2c-.3-.4-.6-.4-.9 0-.3.3-.3.7 0 1l2.8 3H.7c-.2 0-.4.1-.5.2z\"><\/path><\/svg>\t\t\t\t<\/span>\n\t\t\t\t\t<\/div>\n\n\t\t<div class=\"flexy-pills\" data-type=\"circle\"><ol data-flexy=\"no:paused\"><li aria-label=\"Slide 1\" class=\"active\"><\/li><li aria-label=\"Slide 2\"><\/li><li aria-label=\"Slide 3\"><\/li><li aria-label=\"Slide 4\"><\/li><\/ol><\/div>\t<\/div>\n\t\n\n\n\n<div class=\"wp-block-columns is-layout-flex wp-container-core-columns-is-layout-28f84493 wp-block-columns-is-layout-flex\">\n<div class=\"wp-block-column is-layout-flow wp-block-column-is-layout-flow\">\n<h2 class=\"wp-block-heading\"><strong>Jak\u00e9 z\u00e1\u017eitky mohou host\u00e9 o\u010dek\u00e1vat?<\/strong><\/h2>\n\n\n\n<p>V\u00edkendov\u00fd pobyt pobl\u00ed\u017e Arnhemu \u010dasto l\u00e1k\u00e1 hosty, kte\u0159\u00ed cht\u011bj\u00ed:<\/p>\n\n\n\n<ul class=\"wp-block-list\">\n<li>pauza bez dlouh\u00e9ho cestov\u00e1n\u00ed<\/li>\n\n\n\n<li>klid bez pocitu odlou\u010den\u00ed<\/li>\n\n\n\n<li>pohodl\u00ed bez form\u00e1lnosti<\/li>\n\n\n\n<li>flexibilita pro \u010das ve m\u011bst\u011b i \u010das v klidu<\/li>\n\n\n\n<li>osobn\u011bj\u0161\u00ed a uvoln\u011bn\u011bj\u0161\u00ed atmosf\u00e9ra<\/li>\n<\/ul>\n\n\n\n<p>A\u0165 u\u017e pl\u00e1nujete romantick\u00fd v\u00edkend, klidnou kr\u00e1tkou dovolenou nebo p\u00e1r dn\u00ed k na\u010derp\u00e1n\u00ed nov\u00fdch sil, tento typ pobytu v\u00e1m usnadn\u00ed vychutnat si region sv\u00fdm vlastn\u00edm tempem.<\/p>\n\n\n\n<h2 class=\"wp-block-heading\"><strong>V\u00edkendov\u00e9 pobyty v bl\u00edzkosti Arnhemu<\/strong><\/h2>\n\n\n\n<p>Objevte pohodln\u00e9 ubytov\u00e1n\u00ed pobl\u00ed\u017e Arnhemu navr\u017een\u00e9 pro kr\u00e1tk\u00e9 pobyty, klidn\u00e9 v\u00edkendy a osobn\u011bj\u0161\u00ed druh dovolen\u00e9. A\u0165 u\u017e pl\u00e1nujete \u010das spole\u010dn\u011b, relaxa\u010dn\u00ed kr\u00e1tk\u00fd pobyt nebo v\u00edkend s p\u0159\u00edstupem do m\u011bsta i klidn\u00fdm okol\u00edm, spr\u00e1vn\u00fd domov pom\u00e1h\u00e1 utv\u00e1\u0159et cel\u00fd z\u00e1\u017eitek.<\/p>\n\n\n\n<p>Prozkoumejte dostupn\u00e9 domy a najd\u011bte ubytov\u00e1n\u00ed, kter\u00e9 odpov\u00edd\u00e1 va\u0161emu tempu, va\u0161im pl\u00e1n\u016fm a v\u00edkendu, jak\u00fd si p\u0159ejete.<\/p>\n\n\n\n<h2 class=\"wp-block-heading\"><strong>Pro\u010d tato oblast funguje dob\u0159e pro kr\u00e1tk\u00fd odpo\u010dinek<\/strong><\/h2>\n\n\n\n<p>V\u00edkendov\u00fd v\u00fdlet by m\u011bl b\u00fdt v pl\u00e1nov\u00e1n\u00ed jednoduch\u00fd, ale dostate\u010dn\u011b v\u00fdjime\u010dn\u00fd, abyste si ho pamatovali. Oblast pobl\u00ed\u017e Arnhemu tuto kombinaci dob\u0159e nab\u00edz\u00ed. Je snadno dostupn\u00e1, dostate\u010dn\u011b rozmanit\u00e1 pro kr\u00e1tk\u00fd pobyt a dostate\u010dn\u011b klidn\u00e1, aby byl odpo\u010dinek smyslupln\u00fd.<\/p>\n\n\n\n<p>To je atraktivn\u00ed pro hosty, kte\u0159\u00ed cht\u011bj\u00ed kr\u00e1tk\u00fd \u00fanik, kter\u00fd p\u016fsob\u00ed pohodln\u011b, flexibiln\u011b a stoj\u00ed za to, ani\u017e by pot\u0159ebovali del\u0161\u00ed dovolenou.<\/p>\n\n\n\n<div class=\"wp-block-columns is-layout-flex wp-container-core-columns-is-layout-28f84493 wp-block-columns-is-layout-flex\">\n<div class=\"wp-block-column is-layout-flow wp-block-column-is-layout-flow\">\n<h2 class=\"wp-block-heading\"><strong>\u010casto kladen\u00e9 dotazy (Frequently Asked Questions)<\/strong>)<\/h2>\n\n\n\n<div data-wp-context=\"{ &quot;autoclose&quot;: false, &quot;accordionItems&quot;: [] }\" data-wp-interactive=\"core\/accordion\" role=\"group\" class=\"wp-block-accordion is-layout-flow wp-block-accordion-is-layout-flow\">\n<div data-wp-class--is-open=\"state.isOpen\" data-wp-context=\"{ &quot;id&quot;: &quot;accordion-item-1&quot;, &quot;openByDefault&quot;: false }\" data-wp-init=\"callbacks.initAccordionItems\" data-wp-on-window--hashchange=\"callbacks.hashChange\" class=\"wp-block-accordion-item is-layout-flow wp-block-accordion-item-is-layout-flow\">\n<h3 class=\"wp-block-accordion-heading\"><button aria-expanded=\"false\" aria-controls=\"accordion-item-1-panel\" data-wp-bind--aria-expanded=\"state.isOpen\" data-wp-on--click=\"actions.toggle\" data-wp-on--keydown=\"actions.handleKeyDown\" id=\"accordion-item-1\" type=\"button\" class=\"wp-block-accordion-heading__toggle\"><span class=\"wp-block-accordion-heading__toggle-title\"><strong><strong><strong><strong>Je v\u00edkendov\u00fd pobyt v bl\u00edzkosti Arnhemu dobr\u00fd n\u00e1pad pro p\u00e1ry?<\/strong><\/strong><\/strong><\/strong><\/span><span class=\"wp-block-accordion-heading__toggle-icon\" aria-hidden=\"true\">+<\/span><\/button><\/h3>\n\n\n\n<div inert aria-labelledby=\"accordion-item-1\" data-wp-bind--inert=\"!state.isOpen\" id=\"accordion-item-1-panel\" role=\"region\" class=\"wp-block-accordion-panel is-layout-flow wp-block-accordion-panel-is-layout-flow\">\n<p>Ano. Tato oblast je velmi vhodn\u00e1 pro p\u00e1ry, kter\u00e9 cht\u011bj\u00ed kr\u00e1tk\u00fd romantick\u00fd nebo relaxa\u010dn\u00ed pobyt s p\u0159\u00edstupem jak do m\u011bsta, tak do klidn\u011bj\u0161\u00edho okol\u00ed.<\/p>\n<\/div>\n<\/div>\n\n\n\n<div data-wp-class--is-open=\"state.isOpen\" data-wp-context=\"{ &quot;id&quot;: &quot;accordion-item-2&quot;, &quot;openByDefault&quot;: false }\" data-wp-init=\"callbacks.initAccordionItems\" data-wp-on-window--hashchange=\"callbacks.hashChange\" class=\"wp-block-accordion-item is-layout-flow wp-block-accordion-item-is-layout-flow\">\n<h3 class=\"wp-block-accordion-heading\"><button aria-expanded=\"false\" aria-controls=\"accordion-item-2-panel\" data-wp-bind--aria-expanded=\"state.isOpen\" data-wp-on--click=\"actions.toggle\" data-wp-on--keydown=\"actions.handleKeyDown\" id=\"accordion-item-2\" type=\"button\" class=\"wp-block-accordion-heading__toggle\"><span class=\"wp-block-accordion-heading__toggle-title\"><strong><strong><strong><strong>Je lep\u0161\u00ed z\u016fstat v Arnhemu nebo pobl\u00ed\u017e Arnhemu na v\u00edkend?<\/strong><\/strong><\/strong><\/strong><\/span><span class=\"wp-block-accordion-heading__toggle-icon\" aria-hidden=\"true\">+<\/span><\/button><\/h3>\n\n\n\n<div inert aria-labelledby=\"accordion-item-2\" data-wp-bind--inert=\"!state.isOpen\" id=\"accordion-item-2-panel\" role=\"region\" class=\"wp-block-accordion-panel is-layout-flow wp-block-accordion-panel-is-layout-flow\">\n<p>To z\u00e1le\u017e\u00ed na tom, jak\u00fd v\u00edkend chcete. Pobyt v Arnhemu se hod\u00ed pro cestu zam\u011b\u0159enou na m\u011bsto, zat\u00edmco pobyt pobl\u00ed\u017e \u010dasto nab\u00edz\u00ed v\u00edce klidu, prostoru a uvoln\u011bn\u011bj\u0161\u00ed atmosf\u00e9ru.<\/p>\n<\/div>\n<\/div>\n\n\n\n<div data-wp-class--is-open=\"state.isOpen\" data-wp-context=\"{ &quot;id&quot;: &quot;accordion-item-3&quot;, &quot;openByDefault&quot;: false }\" data-wp-init=\"callbacks.initAccordionItems\" data-wp-on-window--hashchange=\"callbacks.hashChange\" class=\"wp-block-accordion-item is-layout-flow wp-block-accordion-item-is-layout-flow\">\n<h3 class=\"wp-block-accordion-heading\"><button aria-expanded=\"false\" aria-controls=\"accordion-item-3-panel\" data-wp-bind--aria-expanded=\"state.isOpen\" data-wp-on--click=\"actions.toggle\" data-wp-on--keydown=\"actions.handleKeyDown\" id=\"accordion-item-3\" type=\"button\" class=\"wp-block-accordion-heading__toggle\"><span class=\"wp-block-accordion-heading__toggle-title\"><strong><strong><strong><strong><strong>Mohu b\u011bhem v\u00edkendov\u00e9ho pobytu zde zkombinovat m\u011bstsk\u00fd v\u00fdlet a p\u0159\u00edrodu?<\/strong><\/strong><\/strong><\/strong><\/strong><\/span><span class=\"wp-block-accordion-heading__toggle-icon\" aria-hidden=\"true\">+<\/span><\/button><\/h3>\n\n\n\n<div inert aria-labelledby=\"accordion-item-3\" data-wp-bind--inert=\"!state.isOpen\" id=\"accordion-item-3-panel\" role=\"region\" class=\"wp-block-accordion-panel is-layout-flow wp-block-accordion-panel-is-layout-flow\">\n<p>Ano. To je jedna z hlavn\u00edch v\u00fdhod bydlen\u00ed pobl\u00ed\u017e Arnhemu. M\u016f\u017eete si u\u017e\u00edt v\u00fdlety do m\u011bsta a p\u0159esto se vr\u00e1tit do klidn\u011bj\u0161\u00edho prost\u0159ed\u00ed bl\u00edzko p\u0159\u00edrody.<\/p>\n<\/div>\n<\/div>\n\n\n\n<div data-wp-class--is-open=\"state.isOpen\" data-wp-context=\"{ &quot;id&quot;: &quot;accordion-item-4&quot;, &quot;openByDefault&quot;: false }\" data-wp-init=\"callbacks.initAccordionItems\" data-wp-on-window--hashchange=\"callbacks.hashChange\" class=\"wp-block-accordion-item is-layout-flow wp-block-accordion-item-is-layout-flow\">\n<h3 class=\"wp-block-accordion-heading\"><button aria-expanded=\"false\" aria-controls=\"accordion-item-4-panel\" data-wp-bind--aria-expanded=\"state.isOpen\" data-wp-on--click=\"actions.toggle\" data-wp-on--keydown=\"actions.handleKeyDown\" id=\"accordion-item-4\" type=\"button\" class=\"wp-block-accordion-heading__toggle\"><span class=\"wp-block-accordion-heading__toggle-title\"><strong><strong><strong><strong><strong><strong>Je rekrea\u010dn\u00ed d\u016fm dobrou volbou na v\u00edkendov\u00fd pobyt?<\/strong><\/strong><\/strong><\/strong><\/strong><\/strong><\/span><span class=\"wp-block-accordion-heading__toggle-icon\" aria-hidden=\"true\">+<\/span><\/button><\/h3>\n\n\n\n<div inert aria-labelledby=\"accordion-item-4\" data-wp-bind--inert=\"!state.isOpen\" id=\"accordion-item-4-panel\" role=\"region\" class=\"wp-block-accordion-panel is-layout-flow wp-block-accordion-panel-is-layout-flow\">\n<p>Ano. Pron\u00e1jem rekrea\u010dn\u00edho domu nebo chaty nab\u00edz\u00ed mnoha host\u016fm v\u00edce soukrom\u00ed, pohodl\u00ed a flexibility ne\u017e standardn\u00ed pobyt v hotelu, a to i na kr\u00e1tk\u00fd pobyt.<\/p>\n<\/div>\n<\/div>\n\n\n\n<div data-wp-class--is-open=\"state.isOpen\" data-wp-context=\"{ &quot;id&quot;: &quot;accordion-item-5&quot;, &quot;openByDefault&quot;: false }\" data-wp-init=\"callbacks.initAccordionItems\" data-wp-on-window--hashchange=\"callbacks.hashChange\" class=\"wp-block-accordion-item is-layout-flow wp-block-accordion-item-is-layout-flow\">\n<h3 class=\"wp-block-accordion-heading\"><button aria-expanded=\"false\" aria-controls=\"accordion-item-5-panel\" data-wp-bind--aria-expanded=\"state.isOpen\" data-wp-on--click=\"actions.toggle\" data-wp-on--keydown=\"actions.handleKeyDown\" id=\"accordion-item-5\" type=\"button\" class=\"wp-block-accordion-heading__toggle\"><span class=\"wp-block-accordion-heading__toggle-title\"><strong><strong><strong><strong><strong><strong><strong>Je tato oblast vhodn\u00e1 pro kr\u00e1tk\u00fd pobyt bez detailn\u00edho itiner\u00e1\u0159e?<\/strong><\/strong><\/strong><\/strong><\/strong><\/strong><\/strong><\/span><span class=\"wp-block-accordion-heading__toggle-icon\" aria-hidden=\"true\">+<\/span><\/button><\/h3>\n\n\n\n<div inert aria-labelledby=\"accordion-item-5\" data-wp-bind--inert=\"!state.isOpen\" id=\"accordion-item-5-panel\" role=\"region\" class=\"wp-block-accordion-panel is-layout-flow wp-block-accordion-panel-is-layout-flow\">\n<p>Ano. Tato oblast je vhodn\u00e1 pro hosty, kte\u0159\u00ed cht\u011bj\u00ed klidn\u011bj\u0161\u00ed v\u00edkend s n\u011bkolika dobr\u00fdmi mo\u017enostmi v okol\u00ed, m\u00edsto nabit\u00e9ho programu.<\/p>\n<\/div>\n<\/div>\n\n\n\n<div data-wp-class--is-open=\"state.isOpen\" data-wp-context=\"{ &quot;id&quot;: &quot;accordion-item-6&quot;, &quot;openByDefault&quot;: false }\" data-wp-init=\"callbacks.initAccordionItems\" data-wp-on-window--hashchange=\"callbacks.hashChange\" class=\"wp-block-accordion-item is-layout-flow wp-block-accordion-item-is-layout-flow\">\n<h3 class=\"wp-block-accordion-heading\"><button aria-expanded=\"false\" aria-controls=\"accordion-item-6-panel\" data-wp-bind--aria-expanded=\"state.isOpen\" data-wp-on--click=\"actions.toggle\" data-wp-on--keydown=\"actions.handleKeyDown\" id=\"accordion-item-6\" type=\"button\" class=\"wp-block-accordion-heading__toggle\"><span class=\"wp-block-accordion-heading__toggle-title\"><strong><strong><strong><strong><strong><strong><strong><strong>Jak\u00fd typ host\u016f si obvykle vyb\u00edr\u00e1 v\u00edkendov\u00fd pobyt pobl\u00ed\u017e Arnhemu?<\/strong><\/strong><\/strong><\/strong><\/strong><\/strong><\/strong><\/strong><\/span><span class=\"wp-block-accordion-heading__toggle-icon\" aria-hidden=\"true\">+<\/span><\/button><\/h3>\n\n\n\n<div inert aria-labelledby=\"accordion-item-6\" data-wp-bind--inert=\"!state.isOpen\" id=\"accordion-item-6-panel\" role=\"region\" class=\"wp-block-accordion-panel is-layout-flow wp-block-accordion-panel-is-layout-flow\">\n<p>Tento typ pobytu \u010dasto oslovuje p\u00e1ry, cestovatele na kr\u00e1tk\u00e9 dovolen\u00e9 a hosty, kte\u0159\u00ed cht\u011bj\u00ed str\u00e1vit pohodov\u00fd v\u00edkend s dobrou rovnov\u00e1hou mezi aktivitou a odpo\u010dinkem.<\/p>\n<\/div>\n<\/div>\n<\/div>\n<\/div>\n<\/div>\n<\/div>\n<\/div>\n\n\n\n<h2 class=\"wp-block-heading\"><strong>Napl\u00e1nujte si v\u00edkendov\u00fd pobyt v okol\u00ed Arnhemu<\/strong><\/h2>\n\n\n\n<p>Pokud hled\u00e1te v\u00edkendov\u00fd \u00fanik pobl\u00ed\u017e Arnhemu, klidnou chatu na kr\u00e1tk\u00fd pobyt nebo pohodln\u00fd pr\u00e1zdninov\u00fd d\u016fm s snadn\u00fdm p\u0159\u00edstupem do m\u011bsta i do p\u0159\u00edrody, tato oblast nab\u00edz\u00ed silnou kombinaci klidu, pohodl\u00ed a dostupnosti.<\/p>\n\n\n\n<p>Prozkoumejte dostupn\u00e9 domy, porovnejte mo\u017enosti a vyberte si ubytov\u00e1n\u00ed, kter\u00e9 odpov\u00edd\u00e1 v\u00edkendu, jak\u00fd chcete.<\/p>\n\n\n\n<p><a href=\"https:\/\/holidayhomesmaridu.com\/cs\/nase-rekreacni-domy\/\" data-type=\"page\" data-id=\"22\">Zkontrolujte dostupnost. Prozkoumejte domy. Objevte region. Napl\u00e1nujte si pobyt.<\/a><\/p>","protected":false},"featured_media":0,"menu_order":0,"template":"","class_list":["post-1852","landingpage","type-landingpage","status-publish","hentry"],"blocksy_meta":[],"_links":{"self":[{"href":"https:\/\/holidayhomesmaridu.com\/cs\/wp-json\/wp\/v2\/landingpage\/1852","targetHints":{"allow":["GET"]}}],"collection":[{"href":"https:\/\/holidayhomesmaridu.com\/cs\/wp-json\/wp\/v2\/landingpage"}],"about":[{"href":"https:\/\/holidayhomesmaridu.com\/cs\/wp-json\/wp\/v2\/types\/landingpage"}],"wp:attachment":[{"href":"https:\/\/holidayhomesmaridu.com\/cs\/wp-json\/wp\/v2\/media?parent=1852"}],"curies":[{"name":"wp","href":"https:\/\/api.w.org\/{rel}","templated":true}]}}