{"id":1856,"date":"2026-03-03T09:00:08","date_gmt":"2026-03-03T08:00:08","guid":{"rendered":"https:\/\/holidayhomesmaridu.com\/?post_type=landingpage&#038;p=1856"},"modified":"2026-03-06T23:10:13","modified_gmt":"2026-03-06T22:10:13","slug":"rekreacni-pronajem-veluwe-s-wellness","status":"publish","type":"landingpage","link":"https:\/\/holidayhomesmaridu.com\/cs\/lp\/vacation-rental-veluwe-with-wellness\/","title":{"rendered":"Rekrea\u010dn\u00ed pron\u00e1jem v oblasti Veluwe s Wellness pro relaxa\u010dn\u00ed pobyt v p\u0159\u00edrod\u011b"},"content":{"rendered":"<div class=\"wp-block-columns is-layout-flex wp-container-core-columns-is-layout-28f84493 wp-block-columns-is-layout-flex\">\n<div class=\"wp-block-column is-layout-flow wp-block-column-is-layout-flow\">\n<p>Hled\u00e1te rekrea\u010dn\u00ed pron\u00e1jem ve Veluwe s wellness, kde m\u016f\u017eete zpomalit a u\u017e\u00edt si pohodln\u011bj\u0161\u00ed pobyt v p\u0159\u00edrod\u011b? Maridu nab\u00edz\u00ed pobyty ur\u010den\u00e9 pro hosty, kte\u0159\u00ed cht\u011bj\u00ed soukrom\u00ed, klid a prost\u0159ed\u00ed podporuj\u00edc\u00ed skute\u010dnou relaxaci. A\u0165 u\u017e pl\u00e1nujete romantick\u00fd v\u00edkend, klidn\u00fd odpo\u010dinek nebo n\u011bkolik dn\u00ed na na\u010derp\u00e1n\u00ed nov\u00fdch sil, Veluwe je silnou destinac\u00ed pro hosty, kte\u0159\u00ed cht\u011bj\u00ed pohodl\u00ed a prostor.<\/p>\n\n\n\n<p>Pobyt v oblasti Veluwe ji\u017e nab\u00edz\u00ed lesy, otev\u0159enou krajinu a pomalej\u0161\u00ed tempo. Kdy\u017e se k tomu p\u0159id\u00e1 wellness, je tento pobyt je\u0161t\u011b klidn\u011bj\u0161\u00ed. Pokud hled\u00e1te rekrea\u010dn\u00ed pron\u00e1jem ve Veluwe s wellness, pohodln\u00fd pr\u00e1zdninov\u00fd d\u016fm v p\u0159\u00edrod\u011b nebo relaxa\u010dn\u00ed chatu pro kr\u00e1tk\u00fd odpo\u010dinek, nab\u00edz\u00ed tento region spr\u00e1vnou rovnov\u00e1hu atmosf\u00e9ry a pohody.<\/p>\n\n\n\n<h2 class=\"wp-block-heading\"><strong>Pro\u010d si vybrat rekrea\u010dn\u00ed pron\u00e1jem ve Veluwe s Wellness?<\/strong><\/h2>\n\n\n\n<p>Pro mnoho host\u016f nen\u00ed wellness pouze dopl\u0148kem. Je to jeden z d\u016fvod\u016f rezervace. M\u011bn\u00ed kvalitu pobytu a \u010din\u00ed z ubytov\u00e1n\u00ed samotn\u00e9ho sou\u010d\u00e1st z\u00e1\u017eitku.<\/p>\n\n\n\n<p>To se obzvl\u00e1\u0161t\u011b osv\u011bd\u010duje v oblasti Veluwe. Tento region je zn\u00e1m\u00fd klidn\u00fdm prost\u0159ed\u00edm, zelen\u00ed a tempem, kter\u00e9 je pomalej\u0161\u00ed ne\u017e ka\u017edodenn\u00ed \u017eivot. Pobyt zam\u011b\u0159en\u00fd na wellness do tohoto prost\u0159ed\u00ed p\u0159irozen\u011b zapad\u00e1 a d\u00e1v\u00e1 host\u016fm v\u00edce prostoru pro vlastn\u00ed relaxaci.<\/p>\n\n\n\n<p>Pobyt zde je obzvl\u00e1\u0161t\u011b vhodn\u00fd, pokud chcete:<\/p>\n\n\n\n<ul class=\"wp-block-list\">\n<li>pohodln\u00fd odpo\u010dinek s extra relaxac\u00ed<\/li>\n\n\n\n<li>wellness pobyt v p\u0159\u00edrod\u011b<\/li>\n\n\n\n<li>soukrom\u00e9 prost\u0159ed\u00ed s v\u011bt\u0161\u00ed volnost\u00ed<\/li>\n\n\n\n<li>romantick\u00fd nebo klidn\u00fd \u00fat\u011bk<\/li>\n\n\n\n<li>v\u00edkendov\u00fd pobyt, kter\u00fd je v\u00edce regenera\u010dn\u00ed<\/li>\n<\/ul>\n\n\n\n<p>Pro hosty, kte\u0159\u00ed si cen\u00ed pohodl\u00ed, soukrom\u00ed a atmosf\u00e9ry, je atraktivn\u00ed volbou rekrea\u010dn\u00ed pron\u00e1jem ve Veluwe s wellness.<\/p>\n\n\n\n<h2 class=\"wp-block-heading\"><strong>Relaxa\u010dn\u00ed pobyt v soukrom\u00ed<\/strong><\/h2>\n\n\n\n<p>Jednou z hlavn\u00edch v\u00fdhod wellness pobytu v pr\u00e1zdninov\u00e9m pron\u00e1jmu je svoboda, kterou poskytuje. Nejste omezeni hotelov\u00fdm re\u017eimem ani sd\u00edlen\u00fdmi prostory. Pobyt si m\u016f\u017eete u\u017e\u00edvat sv\u00fdm vlastn\u00edm tempem a u\u010dinit z ubytov\u00e1n\u00ed sou\u010d\u00e1st odpo\u010dinku.<\/p>\n\n\n\n<p>To \u010dasto vytv\u00e1\u0159\u00ed jin\u00fd druh z\u00e1\u017eitku. Pobyt je osobn\u011bj\u0161\u00ed, pohodln\u011bj\u0161\u00ed a v\u00edce vyhovuje host\u016fm, kte\u0159\u00ed si cht\u011bj\u00ed odpo\u010dinout, ne\u017e aby m\u011bli nabit\u00fd program.<\/p>\n\n\n\n<p>V oblasti, jako je Veluwe, je toto soukrom\u00ed obzvl\u00e1\u0161t\u011b vhodn\u00e9. P\u0159\u00edrodn\u00ed prost\u0159ed\u00ed ji\u017e podporuje pomalej\u0161\u00ed rytmus a wellness prvky pom\u00e1haj\u00ed tento pocit dotv\u00e1\u0159et.<\/p>\n\n\n\n<h2 class=\"wp-block-heading\"><strong>Pro koho je tento pobyt ur\u010den<\/strong><\/h2>\n\n\n\n<h3 class=\"wp-block-heading\"><strong>P\u00e1ry hledaj\u00edc\u00ed relaxa\u010dn\u00ed dovolenou<\/strong><\/h3>\n\n\n\n<p>Rekrea\u010dn\u00ed pron\u00e1jem ve Veluwe s wellness je atraktivn\u00ed zejm\u00e9na pro p\u00e1ry, kter\u00e9 cht\u011bj\u00ed tr\u00e1vit spole\u010dn\u00fd \u010das v klidn\u00e9m a p\u0159\u00edjemn\u00e9m prost\u0159ed\u00ed. Soukrom\u00e1 atmosf\u00e9ra a zam\u011b\u0159en\u00ed na relaxaci z n\u011bj \u010din\u00ed silnou volbu pro romantick\u00fd odpo\u010dinek.<\/p>\n\n\n\n<h3 class=\"wp-block-heading\"><strong>Host\u00e9 hledaj\u00edc\u00ed dobit\u00ed<\/strong><\/h3>\n\n\n\n<p>N\u011bkter\u00e9 pobyty jsou o tom, abyste vid\u011bli v\u00edc. Jin\u00e9 jsou o tom, \u017ee toho ud\u011bl\u00e1te m\u00e9n\u011b a budete se pak c\u00edtit l\u00e9pe. Tento typ pobytu vyhovuje host\u016fm, kte\u0159\u00ed si cht\u011bj\u00ed na n\u011bkolik dn\u00ed odpo\u010dinout, relaxovat a u\u017e\u00edvat si pohodln\u011bj\u0161\u00edho tempa.<\/p>\n\n\n\n<h3 class=\"wp-block-heading\"><strong>Cestovatel\u00e9, kte\u0159\u00ed cht\u011bj\u00ed p\u0159\u00edrodu a pohodl\u00ed dohromady<\/strong><\/h3>\n\n\n\n<p>Veluwe p\u0159irozen\u011b oslovuje hosty, kte\u0159\u00ed jsou r\u00e1di obklopeni zelen\u00ed. Wellness p\u0159id\u00e1v\u00e1 k tomuto z\u00e1\u017eitku dal\u0161\u00ed vrstvu t\u00edm, \u017ee \u010din\u00ed pobyt teplej\u0161\u00edm, klidn\u011bj\u0161\u00edm a pln\u011bj\u0161\u00edm.<\/p>\n\n\n\n<h3 class=\"wp-block-heading\"><strong>V\u00edkendov\u00ed cestovatel\u00e9, kte\u0159\u00ed cht\u011bj\u00ed v\u00edce ne\u017e standardn\u00ed pobyt<\/strong><\/h3>\n\n\n\n<p>Pro kr\u00e1tkou dovolenou je d\u016fle\u017eit\u00e9 spr\u00e1vn\u00e9 ubytov\u00e1n\u00ed. Rekrea\u010dn\u00ed pron\u00e1jem s wellness m\u016f\u017ee zp\u0159\u00edjemnit v\u00edkend, ani\u017e by vy\u017eadoval dlouhou cestu nebo slo\u017eit\u00e9 pl\u00e1nov\u00e1n\u00ed.<\/p>\n\n\n\n<h2 class=\"wp-block-heading\"><strong>Pro\u010d je pobyt Wellness tak atraktivn\u00ed?<\/strong><\/h2>\n\n\n\n<p>Wellness pobyt nab\u00edz\u00ed v\u00edce ne\u017e jen pohodl\u00ed. Pom\u00e1h\u00e1 utv\u00e1\u0159et n\u00e1ladu cel\u00e9ho v\u00fdletu. Host\u00e9 sn\u00e1ze zpomal\u00ed, str\u00e1v\u00ed v\u00edce \u010dasu v samotn\u00e9m ubytov\u00e1n\u00ed a \u010dasto si u\u017eij\u00ed siln\u011bj\u0161\u00ed pocit odlou\u010den\u00ed od rutiny.<\/p>\n\n\n\n<p>Rekrea\u010dn\u00ed pron\u00e1jem ve Veluwe s wellness je \u010dasto l\u00e1kav\u00fd, proto\u017ee nab\u00edz\u00ed:<\/p>\n\n\n\n<ul class=\"wp-block-list\">\n<li>ochrana osobn\u00edch \u00fadaj\u016f<\/li>\n\n\n\n<li>mimo\u0159\u00e1dn\u00fd komfort<\/li>\n\n\n\n<li>klidn\u00e9 prost\u0159ed\u00ed<\/li>\n\n\n\n<li>osobn\u011bj\u0161\u00ed z\u00e1\u017eitek z pobytu<\/li>\n\n\n\n<li>prostor pro relaxaci vlastn\u00edm tempem<\/li>\n\n\n\n<li>siln\u011bj\u0161\u00ed pocit \u00faniku<\/li>\n<\/ul>\n\n\n\n<p>Pro mnoho host\u016f jsou pr\u00e1v\u011b tyto vlastnosti t\u00edm, co z kr\u00e1tk\u00e9ho pobytu ud\u011bl\u00e1 skute\u010dn\u00fd odpo\u010dinek.<\/p>\n\n\n\n<h2 class=\"wp-block-heading\"><strong>Pro\u010d je Veluwe pro tento typ pobytu tak vhodn\u00e9?<\/strong><\/h2>\n\n\n\n<p>Ne ka\u017ed\u00e1 destinace podporuje wellness pobyt stejn\u011b dob\u0159e. Na ru\u0161n\u00fdch m\u00edstech m\u016f\u017ee b\u00fdt t\u011b\u017e\u0161\u00ed vypnout. Veluwe nab\u00edz\u00ed prav\u00fd opak.<\/p>\n\n\n\n<p>Oblast je zelen\u00e1, otev\u0159en\u00e1 a klidn\u00e1. Tato atmosf\u00e9ra vyhovuje zejm\u00e9na host\u016fm, kte\u0159\u00ed si cht\u011bj\u00ed odpo\u010dinout a str\u00e1vit \u010das v klidn\u011bj\u0161\u00edm prost\u0159ed\u00ed. Rekrea\u010dn\u00ed pron\u00e1jem s wellness do tohoto z\u00e1\u017eitku p\u0159irozen\u011b zapad\u00e1, proto\u017ee prost\u0159ed\u00ed i pobyt podporuj\u00ed stejn\u00fd c\u00edl: odpo\u010dinek, pohodl\u00ed a pomalej\u0161\u00ed tempo.<\/p>\n\n\n\n<p>Pro hosty, kte\u0159\u00ed cht\u011bj\u00ed str\u00e1vit dovolenou ve wellness stylu, v soukrom\u00ed a v bl\u00edzkosti p\u0159\u00edrody, je Veluwe velmi vhodnou volbou.<\/p>\n\n\n\n<h2 class=\"wp-block-heading\"><strong>Co d\u011blat b\u011bhem pobytu ve Veluwe<\/strong><\/h2>\n\n\n\n<p>Wellness pobyt nepot\u0159ebuje nabit\u00fd itiner\u00e1\u0159. Sou\u010d\u00e1st\u00ed p\u0159ita\u017elivosti je svoboda a jednoduchost.<\/p>\n\n\n\n<p>B\u011bhem pobytu si m\u016f\u017eete u\u017e\u00edvat:<\/p>\n\n\n\n<ul class=\"wp-block-list\">\n<li>pomal\u00e1 r\u00e1na v klidn\u00e9m prost\u0159ed\u00ed<\/li>\n\n\n\n<li>lesn\u00ed proch\u00e1zky a cyklotrasy<\/li>\n\n\n\n<li>klidn\u00fd \u010das venku<\/li>\n\n\n\n<li>m\u00edstn\u00ed vesnice a venkovn\u00ed terasy<\/li>\n\n\n\n<li>den u Arnhemu<\/li>\n\n\n\n<li>klidn\u00e9 ve\u010dery v pohodln\u00e9m a soukrom\u00e9m pobytu<\/li>\n<\/ul>\n\n\n\n<p>Tato flexibilita je sou\u010d\u00e1st\u00ed atraktivity regionu. M\u016f\u017eete se rozhodnout, jak aktivn\u00ed nebo klidnou dovolenou si p\u0159ejete.<\/p>\n\n\n\n<h2 class=\"wp-block-heading\"><strong>Rekrea\u010dn\u00ed pron\u00e1jem, rekrea\u010dn\u00ed d\u016fm nebo chata s Wellness?<\/strong><\/h2>\n\n\n\n<p>R\u016fzn\u00ed host\u00e9 pou\u017e\u00edvaj\u00ed p\u0159i vyhled\u00e1v\u00e1n\u00ed r\u016fzn\u00e1 slova. N\u011bkte\u0159\u00ed hledaj\u00ed rekrea\u010dn\u00ed pron\u00e1jem ve Veluwe s wellness. Jin\u00ed mohou hledat rekrea\u010dn\u00ed d\u016fm s wellness, chatu v p\u0159\u00edrod\u011b nebo rekrea\u010dn\u00ed d\u016fm pro odpo\u010dinek.<\/p>\n\n\n\n<p>Formulace se mohou li\u0161it, ale z\u00e1m\u011br je obvykle podobn\u00fd: soukrom\u00fd a pohodln\u00fd pobyt s v\u011bt\u0161\u00edm d\u016frazem na odpo\u010dinek a pohodu.<\/p>\n\n\n\n<p>Pro zahrani\u010dn\u00ed cestovatele se m\u016f\u017ee zd\u00e1t, \u017ee nejp\u0159irozen\u011bj\u0161\u00edm term\u00ednem je pron\u00e1jem nemovitosti. Holiday home je pro mnoho evropsk\u00fdch host\u016f \u0161ir\u0161\u00ed a zn\u00e1m\u011bj\u0161\u00ed. Chata \u010dasto p\u016fsob\u00ed tepleji a atmosf\u00e9ri\u010dt\u011bji. Nejd\u016fle\u017eit\u011bj\u0161\u00ed je, aby pobyt nab\u00edzel klid, pohodl\u00ed a prost\u0159ed\u00ed podporuj\u00edc\u00ed relaxaci.<\/p>\n\n\n\n<h2 class=\"wp-block-heading\"><strong>Jak\u00e9 z\u00e1\u017eitky mohou host\u00e9 o\u010dek\u00e1vat?<\/strong><\/h2>\n\n\n\n<p>Rekrea\u010dn\u00ed pron\u00e1jem ve Veluwe s wellness \u010dasto oslovuje hosty, kte\u0159\u00ed cht\u011bj\u00ed:<\/p>\n\n\n\n<ul class=\"wp-block-list\">\n<li>sp\u00ed\u0161e klid ne\u017e hluk<\/li>\n\n\n\n<li>soukrom\u00ed nam\u00edsto sd\u00edlen\u00fdch prostor<\/li>\n\n\n\n<li>sp\u00ed\u0161e pohodl\u00ed ne\u017e form\u00e1lnost<\/li>\n\n\n\n<li>sp\u00ed\u0161e p\u0159\u00edroda ne\u017e m\u011bsto<\/li>\n\n\n\n<li>\u010das na na\u010derp\u00e1n\u00ed energie m\u00edsto nabit\u00e9ho programu.<\/li>\n<\/ul>\n\n\n\n<p>A\u0165 u\u017e pl\u00e1nujete romantick\u00fd v\u00edkend, klidnou dovolenou nebo n\u011bkolik dn\u00ed na odpo\u010dinek, tento druh pobytu v\u00e1m usnadn\u00ed vychutnat si region uvoln\u011bn\u011bj\u0161\u00edm zp\u016fsobem.<\/p>\n\n\n\n<h2 class=\"wp-block-heading\"><strong>Doporu\u010den\u00e9 pr\u00e1zdninov\u00e9 domy v oblasti Veluwe s Wellness<\/strong><\/h2>\n\n\n\n<p>Objevte rekrea\u010dn\u00ed domy ve Veluv\u00e9m s wellness, kter\u00e9 jsou navr\u017eeny pro pohodl\u00ed, soukrom\u00ed a klidn\u011bj\u0161\u00ed pobyt v p\u0159\u00edrod\u011b. A\u0165 u\u017e pl\u00e1nujete romantickou dovolenou nebo klidn\u00fd v\u00edkend, spr\u00e1vn\u00fd d\u016fm v\u00e1m pom\u016f\u017ee utv\u00e1\u0159et cel\u00fd z\u00e1\u017eitek.<\/p>\n\n\n\n<p>Prozkoumejte dostupn\u00e9 domy a najd\u011bte si pobyt, kter\u00fd vyhovuje va\u0161emu tempu, va\u0161im preferenc\u00edm a va\u0161emu typu dovolen\u00e9.<\/p>\n<\/div>\n<\/div>\n\n\n\n\t<div\n\t\tclass=\"flexy-container ct-posts-shortcode\"\n\t\tdata-flexy=\"no\">\n\t\t<div class=\"flexy\">\n\t\t\t<div class=\"flexy-view\" data-flexy-view=\"boxed\">\n\t\t\t\t<div\n\t\t\t\t\tclass=\"flexy-items\">\n\t\t\t\t\t<div class=\"flexy-item\"><a class=\"ct-media-container\" data-width=\"1280\" data-height=\"800\" href=\"https:\/\/holidayhomesmaridu.com\/cs\/properties\/tiny-cube\/\"><img loading=\"lazy\" decoding=\"async\" width=\"300\" height=\"188\" src=\"https:\/\/holidayhomesmaridu.com\/wp-content\/uploads\/2025\/08\/tinycube-0047-300x188.jpg\" class=\"attachment-medium size-medium\" alt=\"Modern\u00ed chata v lese\" srcset=\"https:\/\/holidayhomesmaridu.com\/wp-content\/uploads\/2025\/08\/tinycube-0047-300x188.jpg 300w, https:\/\/holidayhomesmaridu.com\/wp-content\/uploads\/2025\/08\/tinycube-0047-1024x640.jpg 1024w, https:\/\/holidayhomesmaridu.com\/wp-content\/uploads\/2025\/08\/tinycube-0047-768x480.jpg 768w, https:\/\/holidayhomesmaridu.com\/wp-content\/uploads\/2025\/08\/tinycube-0047-18x12.jpg 18w, https:\/\/holidayhomesmaridu.com\/wp-content\/uploads\/2025\/08\/tinycube-0047.jpg 1280w\" sizes=\"auto, (max-width: 300px) 100vw, 300px\" itemprop=\"image\" style=\"aspect-ratio: 16\/9;\" title=\"Rekrea\u010dn\u00ed pron\u00e1jem v oblasti Veluwe s Wellness pro relaxa\u010dn\u00ed pobyt v p\u0159\u00edrod\u011b\"><\/a><\/div><div class=\"flexy-item\"><a class=\"ct-media-container\" data-width=\"1712\" data-height=\"1280\" href=\"https:\/\/holidayhomesmaridu.com\/cs\/properties\/ayla\/\"><img loading=\"lazy\" decoding=\"async\" width=\"300\" height=\"224\" src=\"https:\/\/holidayhomesmaridu.com\/wp-content\/uploads\/2025\/07\/maridu-ayla-0001-300x224.jpg\" class=\"attachment-medium size-medium\" alt=\"B\u00edl\u00e1 chata s venkovn\u00edm posezen\u00edm\" srcset=\"https:\/\/holidayhomesmaridu.com\/wp-content\/uploads\/2025\/07\/maridu-ayla-0001-300x224.jpg 300w, https:\/\/holidayhomesmaridu.com\/wp-content\/uploads\/2025\/07\/maridu-ayla-0001-1024x766.jpg 1024w, https:\/\/holidayhomesmaridu.com\/wp-content\/uploads\/2025\/07\/maridu-ayla-0001-768x574.jpg 768w, https:\/\/holidayhomesmaridu.com\/wp-content\/uploads\/2025\/07\/maridu-ayla-0001-1536x1148.jpg 1536w, https:\/\/holidayhomesmaridu.com\/wp-content\/uploads\/2025\/07\/maridu-ayla-0001.jpg 1712w\" sizes=\"auto, (max-width: 300px) 100vw, 300px\" itemprop=\"image\" style=\"aspect-ratio: 16\/9;\" title=\"Rekrea\u010dn\u00ed pron\u00e1jem v oblasti Veluwe s Wellness pro relaxa\u010dn\u00ed pobyt v p\u0159\u00edrod\u011b\"><\/a><\/div><div class=\"flexy-item\"><a class=\"ct-media-container\" data-width=\"600\" data-height=\"400\" href=\"https:\/\/holidayhomesmaridu.com\/cs\/properties\/family-l-cube\/\"><img loading=\"lazy\" decoding=\"async\" width=\"300\" height=\"200\" src=\"https:\/\/holidayhomesmaridu.com\/wp-content\/uploads\/2025\/07\/maridu-l-cube-00002-300x200.jpg\" class=\"attachment-medium size-medium\" alt=\"Modern\u00ed d\u016fm s tr\u00e1vn\u00edkem.\" srcset=\"https:\/\/holidayhomesmaridu.com\/wp-content\/uploads\/2025\/07\/maridu-l-cube-00002-300x200.jpg 300w, https:\/\/holidayhomesmaridu.com\/wp-content\/uploads\/2025\/07\/maridu-l-cube-00002.jpg 600w\" sizes=\"auto, (max-width: 300px) 100vw, 300px\" itemprop=\"image\" style=\"aspect-ratio: 16\/9;\" title=\"Rekrea\u010dn\u00ed pron\u00e1jem v oblasti Veluwe s Wellness pro relaxa\u010dn\u00ed pobyt v p\u0159\u00edrod\u011b\"><\/a><\/div><div class=\"flexy-item\"><a class=\"ct-media-container\" data-width=\"1920\" data-height=\"1200\" href=\"https:\/\/holidayhomesmaridu.com\/cs\/properties\/wellness\/\"><img loading=\"lazy\" decoding=\"async\" width=\"300\" height=\"188\" src=\"https:\/\/holidayhomesmaridu.com\/wp-content\/uploads\/2025\/07\/maridu-wellness-0001-300x188.jpg\" class=\"attachment-medium size-medium\" alt=\"\u00fatuln\u00e1 d\u0159ev\u011bn\u00e1 chata v p\u0159\u00edrod\u011b\" srcset=\"https:\/\/holidayhomesmaridu.com\/wp-content\/uploads\/2025\/07\/maridu-wellness-0001-300x188.jpg 300w, https:\/\/holidayhomesmaridu.com\/wp-content\/uploads\/2025\/07\/maridu-wellness-0001-1024x640.jpg 1024w, https:\/\/holidayhomesmaridu.com\/wp-content\/uploads\/2025\/07\/maridu-wellness-0001-768x480.jpg 768w, https:\/\/holidayhomesmaridu.com\/wp-content\/uploads\/2025\/07\/maridu-wellness-0001-1536x960.jpg 1536w, https:\/\/holidayhomesmaridu.com\/wp-content\/uploads\/2025\/07\/maridu-wellness-0001.jpg 1920w\" sizes=\"auto, (max-width: 300px) 100vw, 300px\" itemprop=\"image\" style=\"aspect-ratio: 16\/9;\" title=\"Rekrea\u010dn\u00ed pron\u00e1jem v oblasti Veluwe s Wellness pro relaxa\u010dn\u00ed pobyt v p\u0159\u00edrod\u011b\"><\/a><\/div>\t\t\t\t<\/div>\n\t\t\t<\/div>\n\n\t\t\t\t\t\t\t<span class=\"flexy-arrow-prev\">\n\t\t\t\t\t<svg width=\"16\" height=\"10\" fill=\"currentColor\" viewbox=\"0 0 16 10\"><path d=\"M15.3 4.3h-13l2.8-3c.3-.3.3-.7 0-1-.3-.3-.6-.3-.9 0l-4 4.2-.2.2v.6c0 .1.1.2.2.2l4 4.2c.3.4.6.4.9 0 .3-.3.3-.7 0-1l-2.8-3h13c.2 0 .4-.1.5-.2s.2-.3.2-.5-.1-.4-.2-.5c-.1-.1-.3-.2-.5-.2z\"><\/path><\/svg>\t\t\t\t<\/span>\n\n\t\t\t\t<span class=\"flexy-arrow-next\">\n\t\t\t\t\t<svg width=\"16\" height=\"10\" fill=\"currentColor\" viewbox=\"0 0 16 10\"><path d=\"M.2 4.5c-.1.1-.2.3-.2.5s.1.4.2.5c.1.1.3.2.5.2h13l-2.8 3c-.3.3-.3.7 0 1 .3.3.6.3.9 0l4-4.2.2-.2V5v-.3c0-.1-.1-.2-.2-.2l-4-4.2c-.3-.4-.6-.4-.9 0-.3.3-.3.7 0 1l2.8 3H.7c-.2 0-.4.1-.5.2z\"><\/path><\/svg>\t\t\t\t<\/span>\n\t\t\t\t\t<\/div>\n\n\t\t<div class=\"flexy-pills\" data-type=\"circle\"><ol data-flexy=\"no:paused\"><li aria-label=\"Slide 1\" class=\"active\"><\/li><li aria-label=\"Slide 2\"><\/li><li aria-label=\"Slide 3\"><\/li><li aria-label=\"Slide 4\"><\/li><\/ol><\/div>\t<\/div>\n\t\n\n\n\n<div class=\"wp-block-columns is-layout-flex wp-container-core-columns-is-layout-28f84493 wp-block-columns-is-layout-flex\">\n<div class=\"wp-block-column is-layout-flow wp-block-column-is-layout-flow\">\n<h2 class=\"wp-block-heading\"><strong>Pro\u010d si vybrat tento typ pobytu?<\/strong><\/h2>\n\n\n\n<p>Rekrea\u010dn\u00ed pron\u00e1jem s wellness v sob\u011b spojuje dv\u011b v\u011bci, kter\u00e9 mnoho host\u016f hled\u00e1: svobodu soukrom\u00e9ho pobytu a pohodl\u00ed v\u011bt\u0161\u00edho odpo\u010dinku.<\/p>\n\n\n\n<p>Ve Veluwe je tato kombinace obzvl\u00e1\u0161\u0165 p\u0159irozen\u00e1. Prost\u0159ed\u00ed podporuje odpo\u010dinek, ubytov\u00e1n\u00ed dod\u00e1v\u00e1 soukrom\u00ed a pohodl\u00ed a dohromady vytv\u00e1\u0159\u00ed klidnou, osobn\u00ed a regenera\u010dn\u00ed dovolenou.<\/p>\n\n\n\n<p>Pro hosty, kte\u0159\u00ed cht\u011bj\u00ed v\u00edce ne\u017e jen standardn\u011b p\u0159enocovat, je to atraktivn\u00ed zp\u016fsob, jak poznat region.<\/p>\n<\/div>\n<\/div>\n\n\n\n<div class=\"wp-block-columns is-layout-flex wp-container-core-columns-is-layout-28f84493 wp-block-columns-is-layout-flex\">\n<div class=\"wp-block-column is-layout-flow wp-block-column-is-layout-flow\">\n<h2 class=\"wp-block-heading\"><strong>\u010casto kladen\u00e9 dotazy (Frequently Asked Questions)<\/strong>)<\/h2>\n\n\n\n<div data-wp-context=\"{ &quot;autoclose&quot;: false, &quot;accordionItems&quot;: [] }\" data-wp-interactive=\"core\/accordion\" role=\"group\" class=\"wp-block-accordion is-layout-flow wp-block-accordion-is-layout-flow\">\n<div data-wp-class--is-open=\"state.isOpen\" data-wp-context=\"{ &quot;id&quot;: &quot;accordion-item-1&quot;, &quot;openByDefault&quot;: false }\" data-wp-init=\"callbacks.initAccordionItems\" data-wp-on-window--hashchange=\"callbacks.hashChange\" class=\"wp-block-accordion-item is-layout-flow wp-block-accordion-item-is-layout-flow\">\n<h3 class=\"wp-block-accordion-heading\"><button aria-expanded=\"false\" aria-controls=\"accordion-item-1-panel\" data-wp-bind--aria-expanded=\"state.isOpen\" data-wp-on--click=\"actions.toggle\" data-wp-on--keydown=\"actions.handleKeyDown\" id=\"accordion-item-1\" type=\"button\" class=\"wp-block-accordion-heading__toggle\"><span class=\"wp-block-accordion-heading__toggle-title\"><strong><strong><strong><strong>Co je to rekrea\u010dn\u00ed pron\u00e1jem ve Veluwe s wellness?<\/strong><\/strong><\/strong><\/strong><\/span><span class=\"wp-block-accordion-heading__toggle-icon\" aria-hidden=\"true\">+<\/span><\/button><\/h3>\n\n\n\n<div inert aria-labelledby=\"accordion-item-1\" data-wp-bind--inert=\"!state.isOpen\" id=\"accordion-item-1-panel\" role=\"region\" class=\"wp-block-accordion-panel is-layout-flow wp-block-accordion-panel-is-layout-flow\">\n<p>Jedn\u00e1 se o soukrom\u00fd pobyt v oblasti Veluwe, kter\u00fd v sob\u011b spojuje volnost pr\u00e1zdninov\u00e9ho pron\u00e1jmu s prvky nebo atmosf\u00e9rou zam\u011b\u0159enou na relaxaci a pohodl\u00ed.<\/p>\n<\/div>\n<\/div>\n\n\n\n<div data-wp-class--is-open=\"state.isOpen\" data-wp-context=\"{ &quot;id&quot;: &quot;accordion-item-2&quot;, &quot;openByDefault&quot;: false }\" data-wp-init=\"callbacks.initAccordionItems\" data-wp-on-window--hashchange=\"callbacks.hashChange\" class=\"wp-block-accordion-item is-layout-flow wp-block-accordion-item-is-layout-flow\">\n<h3 class=\"wp-block-accordion-heading\"><button aria-expanded=\"false\" aria-controls=\"accordion-item-2-panel\" data-wp-bind--aria-expanded=\"state.isOpen\" data-wp-on--click=\"actions.toggle\" data-wp-on--keydown=\"actions.handleKeyDown\" id=\"accordion-item-2\" type=\"button\" class=\"wp-block-accordion-heading__toggle\"><span class=\"wp-block-accordion-heading__toggle-title\"><strong><strong><strong><strong>Je Veluwe vhodnou destinac\u00ed pro wellness pobyt?<\/strong><\/strong><\/strong><\/strong><\/span><span class=\"wp-block-accordion-heading__toggle-icon\" aria-hidden=\"true\">+<\/span><\/button><\/h3>\n\n\n\n<div inert aria-labelledby=\"accordion-item-2\" data-wp-bind--inert=\"!state.isOpen\" id=\"accordion-item-2-panel\" role=\"region\" class=\"wp-block-accordion-panel is-layout-flow wp-block-accordion-panel-is-layout-flow\">\n<p>Ano, Veluwe je d\u00edky sv\u00e9mu p\u0159\u00edrodn\u00edmu prost\u0159ed\u00ed, klidn\u00e9 atmosf\u00e9\u0159e a pomalej\u0161\u00edmu tempu vhodn\u00e9 pro wellness pobyty.<\/p>\n<\/div>\n<\/div>\n\n\n\n<div data-wp-class--is-open=\"state.isOpen\" data-wp-context=\"{ &quot;id&quot;: &quot;accordion-item-3&quot;, &quot;openByDefault&quot;: false }\" data-wp-init=\"callbacks.initAccordionItems\" data-wp-on-window--hashchange=\"callbacks.hashChange\" class=\"wp-block-accordion-item is-layout-flow wp-block-accordion-item-is-layout-flow\">\n<h3 class=\"wp-block-accordion-heading\"><button aria-expanded=\"false\" aria-controls=\"accordion-item-3-panel\" data-wp-bind--aria-expanded=\"state.isOpen\" data-wp-on--click=\"actions.toggle\" data-wp-on--keydown=\"actions.handleKeyDown\" id=\"accordion-item-3\" type=\"button\" class=\"wp-block-accordion-heading__toggle\"><span class=\"wp-block-accordion-heading__toggle-title\"><strong><strong><strong><strong><strong>Je tento typ pobytu vhodn\u00fd pro p\u00e1ry?<\/strong><\/strong><\/strong><\/strong><\/strong><\/span><span class=\"wp-block-accordion-heading__toggle-icon\" aria-hidden=\"true\">+<\/span><\/button><\/h3>\n\n\n\n<div inert aria-labelledby=\"accordion-item-3\" data-wp-bind--inert=\"!state.isOpen\" id=\"accordion-item-3-panel\" role=\"region\" class=\"wp-block-accordion-panel is-layout-flow wp-block-accordion-panel-is-layout-flow\">\n<p>Ano. Rekrea\u010dn\u00ed pron\u00e1jem ve Veluwe s wellness je atraktivn\u00ed zejm\u00e9na pro p\u00e1ry, kter\u00e9 cht\u011bj\u00ed str\u00e1vit romantickou a relaxa\u010dn\u00ed dovolenou v soukrom\u00ed a pohodl\u00ed.<\/p>\n<\/div>\n<\/div>\n\n\n\n<div data-wp-class--is-open=\"state.isOpen\" data-wp-context=\"{ &quot;id&quot;: &quot;accordion-item-4&quot;, &quot;openByDefault&quot;: false }\" data-wp-init=\"callbacks.initAccordionItems\" data-wp-on-window--hashchange=\"callbacks.hashChange\" class=\"wp-block-accordion-item is-layout-flow wp-block-accordion-item-is-layout-flow\">\n<h3 class=\"wp-block-accordion-heading\"><button aria-expanded=\"false\" aria-controls=\"accordion-item-4-panel\" data-wp-bind--aria-expanded=\"state.isOpen\" data-wp-on--click=\"actions.toggle\" data-wp-on--keydown=\"actions.handleKeyDown\" id=\"accordion-item-4\" type=\"button\" class=\"wp-block-accordion-heading__toggle\"><span class=\"wp-block-accordion-heading__toggle-title\"><strong><strong><strong><strong><strong><strong>\u010c\u00edm se li\u0161\u00ed pron\u00e1jem rekrea\u010dn\u00edho objektu od hotelu pro tento druh pobytu?<\/strong><\/strong><\/strong><\/strong><\/strong><\/strong><\/span><span class=\"wp-block-accordion-heading__toggle-icon\" aria-hidden=\"true\">+<\/span><\/button><\/h3>\n\n\n\n<div inert aria-labelledby=\"accordion-item-4\" data-wp-bind--inert=\"!state.isOpen\" id=\"accordion-item-4-panel\" role=\"region\" class=\"wp-block-accordion-panel is-layout-flow wp-block-accordion-panel-is-layout-flow\">\n<p>Rekrea\u010dn\u00ed pron\u00e1jem obvykle nab\u00edz\u00ed v\u00edce soukrom\u00ed, v\u011bt\u0161\u00ed flexibilitu a osobn\u011bj\u0161\u00ed atmosf\u00e9ru ne\u017e standardn\u00ed pobyt v hotelu. To se \u010dasto l\u00e9pe hod\u00ed pro dovolenou zam\u011b\u0159enou na wellness.<\/p>\n<\/div>\n<\/div>\n\n\n\n<div data-wp-class--is-open=\"state.isOpen\" data-wp-context=\"{ &quot;id&quot;: &quot;accordion-item-5&quot;, &quot;openByDefault&quot;: false }\" data-wp-init=\"callbacks.initAccordionItems\" data-wp-on-window--hashchange=\"callbacks.hashChange\" class=\"wp-block-accordion-item is-layout-flow wp-block-accordion-item-is-layout-flow\">\n<h3 class=\"wp-block-accordion-heading\"><button aria-expanded=\"false\" aria-controls=\"accordion-item-5-panel\" data-wp-bind--aria-expanded=\"state.isOpen\" data-wp-on--click=\"actions.toggle\" data-wp-on--keydown=\"actions.handleKeyDown\" id=\"accordion-item-5\" type=\"button\" class=\"wp-block-accordion-heading__toggle\"><span class=\"wp-block-accordion-heading__toggle-title\"><strong><strong><strong><strong><strong><strong><strong>Je to dobr\u00e1 volba pro v\u00edkendov\u00fd pobyt?<\/strong><\/strong><\/strong><\/strong><\/strong><\/strong><\/strong><\/span><span class=\"wp-block-accordion-heading__toggle-icon\" aria-hidden=\"true\">+<\/span><\/button><\/h3>\n\n\n\n<div inert aria-labelledby=\"accordion-item-5\" data-wp-bind--inert=\"!state.isOpen\" id=\"accordion-item-5-panel\" role=\"region\" class=\"wp-block-accordion-panel is-layout-flow wp-block-accordion-panel-is-layout-flow\">\n<p>Ano, oblast pobl\u00ed\u017e Arnhemu je velmi vhodn\u00e1 pro v\u00edkendov\u00e9 pobyty, proto\u017ee kombinuje dostupnost, rozmanitost a klidn\u011bj\u0161\u00ed tempo.<\/p>\n<\/div>\n<\/div>\n\n\n\n<div data-wp-class--is-open=\"state.isOpen\" data-wp-context=\"{ &quot;id&quot;: &quot;accordion-item-6&quot;, &quot;openByDefault&quot;: false }\" data-wp-init=\"callbacks.initAccordionItems\" data-wp-on-window--hashchange=\"callbacks.hashChange\" class=\"wp-block-accordion-item is-layout-flow wp-block-accordion-item-is-layout-flow\">\n<h3 class=\"wp-block-accordion-heading\"><button aria-expanded=\"false\" aria-controls=\"accordion-item-6-panel\" data-wp-bind--aria-expanded=\"state.isOpen\" data-wp-on--click=\"actions.toggle\" data-wp-on--keydown=\"actions.handleKeyDown\" id=\"accordion-item-6\" type=\"button\" class=\"wp-block-accordion-heading__toggle\"><span class=\"wp-block-accordion-heading__toggle-title\"><strong><strong><strong><strong><strong><strong><strong>Jac\u00ed host\u00e9 si obvykle vyb\u00edraj\u00ed tento pobyt?<\/strong><\/strong><\/strong><\/strong><\/strong><\/strong><\/strong><\/span><span class=\"wp-block-accordion-heading__toggle-icon\" aria-hidden=\"true\">+<\/span><\/button><\/h3>\n\n\n\n<div inert aria-labelledby=\"accordion-item-6\" data-wp-bind--inert=\"!state.isOpen\" id=\"accordion-item-6-panel\" role=\"region\" class=\"wp-block-accordion-panel is-layout-flow wp-block-accordion-panel-is-layout-flow\">\n<p>Tento typ pobytu \u010dasto oslovuje p\u00e1ry, wellness hosty a cestovatele, kte\u0159\u00ed cht\u011bj\u00ed str\u00e1vit klidn\u00fd a pohodln\u00fd pobyt v p\u0159\u00edrod\u011b.<\/p>\n<\/div>\n<\/div>\n<\/div>\n<\/div>\n<\/div>\n\n\n\n<div class=\"wp-block-columns is-layout-flex wp-container-core-columns-is-layout-28f84493 wp-block-columns-is-layout-flex\">\n<div class=\"wp-block-column is-layout-flow wp-block-column-is-layout-flow\">\n<h2 class=\"wp-block-heading\"><strong>Napl\u00e1nujte si pobyt ve Veluwe<\/strong><\/h2>\n\n\n\n<p>Pokud hled\u00e1te rekrea\u010dn\u00ed pron\u00e1jem v oblasti Veluwe s wellness, pohodln\u00fd pr\u00e1zdninov\u00fd d\u016fm v p\u0159\u00edrod\u011b nebo relaxa\u010dn\u00ed chatu pro klidn\u00fd odpo\u010dinek, tento region nab\u00edz\u00ed tu spr\u00e1vnou kombinaci klidu, pohodl\u00ed a atmosf\u00e9ry.<\/p>\n\n\n\n<p>Prozkoumejte dostupn\u00e9 domy, porovnejte mo\u017enosti a vyberte si pobyt, kter\u00fd odpov\u00edd\u00e1 va\u0161im p\u0159edstav\u00e1m.<\/p>\n\n\n\n<p><a href=\"https:\/\/holidayhomesmaridu.com\/cs\/nase-rekreacni-domy\/\" data-type=\"page\" data-id=\"22\">Zkontrolujte dostupnost. Prozkoumejte domy. Objevte region. Napl\u00e1nujte si pobyt.<\/a><\/p>\n<\/div>\n<\/div>","protected":false},"featured_media":0,"menu_order":0,"template":"","class_list":["post-1856","landingpage","type-landingpage","status-publish","hentry"],"blocksy_meta":[],"_links":{"self":[{"href":"https:\/\/holidayhomesmaridu.com\/cs\/wp-json\/wp\/v2\/landingpage\/1856","targetHints":{"allow":["GET"]}}],"collection":[{"href":"https:\/\/holidayhomesmaridu.com\/cs\/wp-json\/wp\/v2\/landingpage"}],"about":[{"href":"https:\/\/holidayhomesmaridu.com\/cs\/wp-json\/wp\/v2\/types\/landingpage"}],"wp:attachment":[{"href":"https:\/\/holidayhomesmaridu.com\/cs\/wp-json\/wp\/v2\/media?parent=1856"}],"curies":[{"name":"wp","href":"https:\/\/api.w.org\/{rel}","templated":true}]}}